{"id":127,"date":"2017-08-13T18:59:42","date_gmt":"2017-08-13T21:59:42","guid":{"rendered":"http:\/\/www.professores.uff.br\/aabreu\/?page_id=127"},"modified":"2019-12-16T21:37:49","modified_gmt":"2019-12-17T00:37:49","slug":"docencia","status":"publish","type":"page","link":"https:\/\/www.professores.uff.br\/aabreu\/docencia\/","title":{"rendered":"Doc\u00eancia"},"content":{"rendered":"<h3><strong>Geometria b\u00e1sica<\/strong><\/h3>\n<hr \/>\n<p>Bibliografia:<span class=\"Apple-style-span\">\u00a0 Iezzi, G., Dolce, O. e Pompeo, J.N., Geometria plana, Fundamentos da matem\u00e1tica elementar, editora atual.<br \/>Wagner, E., Constr<\/span><span class=\"Apple-style-span\">u\u00e7\u00f5es Geom\u00e9tricas, SBM.<\/span><\/p>\n<p><u><\/u>Listas:\u00a0<a href=\"https:\/\/www.professores.uff.br\/aabreu\/?ddownload=170\" title=\"Lista1\" rel=\"nofollow\" class=\"ddownload-button button-blue id-170 ext-pdf\">Lista1<\/a><a href=\"https:\/\/www.professores.uff.br\/aabreu\/?ddownload=171\" title=\"Lista2\" rel=\"nofollow\" class=\"ddownload-button button-blue id-171 ext-pdf\">Lista2<\/a><a href=\"https:\/\/www.professores.uff.br\/aabreu\/?ddownload=179\" title=\"Lista3\" rel=\"nofollow\" class=\"ddownload-button button-blue id-179 ext-pdf\">Lista3<\/a><a href=\"https:\/\/www.professores.uff.br\/aabreu\/?ddownload=182\" title=\"Lista4\" rel=\"nofollow\" class=\"ddownload-button button-blue id-182 ext-pdf\">Lista4<\/a><\/p>\n<p>Notas da VR aqui: <a href=\"http:\/\/www.professores.uff.br\/aabreu\/wp-content\/uploads\/sites\/11\/2019\/12\/NotasProva-2019-2.pdf\">NotasProva-2019-2<\/a><\/p>\n<p>Datas de prova:<\/p>\n<p>P1: 07\/10\/2019<br \/>P2:\u00a0<br \/>VR:<br \/>VS:<\/p>\n<h3><strong>Laborat\u00f3rio de Inform\u00e1tica<\/strong><\/h3>\n<hr \/>\n<p>Bibliografia:<span class=\"Apple-style-span\"> Material did\u00e1tico:\u00a0<a href=\"http:\/\/www.professores.uff.br\/aabreu\/wp-content\/uploads\/sites\/11\/2019\/03\/Bloco_I.pdf\">Bloco_I<\/a>.<br \/>Usaremos tamb\u00e9m o CoCalc: <a href=\"http:\/\/Cocalc.com\">http:\/\/Cocalc.com<span style=\"color: #001000\">.<\/span><\/a><\/span><span class=\"Apple-style-span\"> \u00a0 \u00a0 \u00a0 \u00a0 \u00a0 \u00a0 \u00a0 \u00a0 <\/span><\/p>\n<p>Parte 1 &#8211; Listas: <a href=\"http:\/\/www.professores.uff.br\/aabreu\/wp-content\/uploads\/sites\/11\/2019\/05\/Lista1-Edi\u00e7\u00e3o-de-texto.odt\">Lista1 &#8211; Edi\u00e7\u00e3o de texto<\/a>, <a href=\"http:\/\/www.professores.uff.br\/aabreu\/wp-content\/uploads\/sites\/11\/2019\/05\/Lista2-Texto-cient\u00edfico.odt\">Lista2 &#8211; Texto cient\u00edfico<\/a>, <a href=\"http:\/\/www.professores.uff.br\/aabreu\/wp-content\/uploads\/sites\/11\/2019\/08\/ExemploLista2.pdf\">ExemploLista2<\/a>, <a href=\"http:\/\/www.professores.uff.br\/aabreu\/wp-content\/uploads\/sites\/11\/2019\/09\/Lista3-Fun\u00e7\u00f5es.ods\">Lista3 &#8211; Fun\u00e7\u00f5es<\/a>, <a href=\"http:\/\/www.professores.uff.br\/aabreu\/wp-content\/uploads\/sites\/11\/2019\/05\/Lista4-Graficos.ods\">Lista4 &#8211; Gr\u00e1ficos<\/a>, <a href=\"http:\/\/www.professores.uff.br\/aabreu\/wp-content\/uploads\/sites\/11\/2019\/05\/Lista5-Apresenta\u00e7\u00f5es-1.odt\">Lista5 &#8211; Apresenta\u00e7\u00f5es<\/a>, <a href=\"http:\/\/www.professores.uff.br\/aabreu\/wp-content\/uploads\/sites\/11\/2019\/09\/Futurama.zip\">Futurama<\/a>.<\/p>\n<p>Parte 2 &#8211; Aulas: <a href=\"http:\/\/www.professores.uff.br\/aabreu\/wp-content\/uploads\/sites\/11\/2019\/09\/Aula1.pdf\">Aula1<\/a>, <a href=\"http:\/\/www.professores.uff.br\/aabreu\/wp-content\/uploads\/sites\/11\/2019\/09\/Aula2.pdf\">Aula2<\/a>, <a href=\"http:\/\/www.professores.uff.br\/aabreu\/wp-content\/uploads\/sites\/11\/2019\/10\/Aula3.pdf\">Aula3<\/a>, <a href=\"http:\/\/www.professores.uff.br\/aabreu\/wp-content\/uploads\/sites\/11\/2019\/10\/Aula4.pdf\">Aula4<\/a>, <a href=\"http:\/\/www.professores.uff.br\/aabreu\/wp-content\/uploads\/sites\/11\/2019\/10\/Aula5.pdf\">Aula5<\/a>, <a href=\"http:\/\/www.professores.uff.br\/aabreu\/wp-content\/uploads\/sites\/11\/2019\/11\/Aula6.pdf\">Aula6<\/a>.<\/p>\n<p>Prova: <a href=\"http:\/\/www.professores.uff.br\/aabreu\/wp-content\/uploads\/sites\/11\/2019\/12\/Prova.pdf\">Prova<\/a><\/p>\n<p>\u00a0<\/p>\n\n\n<p><\/p>\n","protected":false},"excerpt":{"rendered":"<p>Geometria b\u00e1sica Bibliografia:\u00a0 Iezzi, G., Dolce, O. e Pompeo, J.N., Geometria plana, Fundamentos da matem\u00e1tica elementar, editora atual.Wagner, E., Constru\u00e7\u00f5es Geom\u00e9tricas, SBM. Listas:\u00a0 Notas da VR aqui: NotasProva-2019-2 Datas de prova: P1: 07\/10\/2019P2:\u00a0VR:VS: Laborat\u00f3rio de Inform\u00e1tica Bibliografia: Material did\u00e1tico:\u00a0Bloco_I.Usaremos tamb\u00e9m o CoCalc: http:\/\/Cocalc.com. \u00a0 \u00a0 \u00a0 \u00a0 \u00a0 \u00a0 \u00a0 \u00a0 Parte 1 &#8211; Listas: [&hellip;]<\/p>\n","protected":false},"author":12,"featured_media":0,"parent":0,"menu_order":0,"comment_status":"closed","ping_status":"closed","template":"","meta":{"_exactmetrics_skip_tracking":false,"_exactmetrics_sitenote_active":false,"_exactmetrics_sitenote_note":"","_exactmetrics_sitenote_category":0,"footnotes":""},"categories":[],"tags":[],"class_list":["post-127","page","type-page","status-publish","hentry"],"_links":{"self":[{"href":"https:\/\/www.professores.uff.br\/aabreu\/wp-json\/wp\/v2\/pages\/127","targetHints":{"allow":["GET"]}}],"collection":[{"href":"https:\/\/www.professores.uff.br\/aabreu\/wp-json\/wp\/v2\/pages"}],"about":[{"href":"https:\/\/www.professores.uff.br\/aabreu\/wp-json\/wp\/v2\/types\/page"}],"author":[{"embeddable":true,"href":"https:\/\/www.professores.uff.br\/aabreu\/wp-json\/wp\/v2\/users\/12"}],"replies":[{"embeddable":true,"href":"https:\/\/www.professores.uff.br\/aabreu\/wp-json\/wp\/v2\/comments?post=127"}],"version-history":[{"count":70,"href":"https:\/\/www.professores.uff.br\/aabreu\/wp-json\/wp\/v2\/pages\/127\/revisions"}],"predecessor-version":[{"id":311,"href":"https:\/\/www.professores.uff.br\/aabreu\/wp-json\/wp\/v2\/pages\/127\/revisions\/311"}],"wp:attachment":[{"href":"https:\/\/www.professores.uff.br\/aabreu\/wp-json\/wp\/v2\/media?parent=127"}],"wp:term":[{"taxonomy":"category","embeddable":true,"href":"https:\/\/www.professores.uff.br\/aabreu\/wp-json\/wp\/v2\/categories?post=127"},{"taxonomy":"post_tag","embeddable":true,"href":"https:\/\/www.professores.uff.br\/aabreu\/wp-json\/wp\/v2\/tags?post=127"}],"curies":[{"name":"wp","href":"https:\/\/api.w.org\/{rel}","templated":true}]}}