{"id":11,"date":"2017-08-03T11:15:47","date_gmt":"2017-08-03T14:15:47","guid":{"rendered":"http:\/\/www.professores.uff.br\/andreagomes\/?page_id=11"},"modified":"2020-01-27T16:38:59","modified_gmt":"2020-01-27T19:38:59","slug":"projeto-de-ensino","status":"publish","type":"page","link":"https:\/\/www.professores.uff.br\/andreagomes\/projeto-de-ensino\/","title":{"rendered":"Projeto de Ensino"},"content":{"rendered":"<p style=\"text-align: center\"><img loading=\"lazy\" decoding=\"async\" class=\"alignnone size-full wp-image-83\" src=\"http:\/\/www.professores.uff.br\/andreagomes\/wp-content\/uploads\/sites\/52\/2017\/08\/simbolo.png\" alt=\"\" width=\"95\" height=\"99\" \/><\/p>\n<h1 class=\"western\" style=\"text-align: center\" align=\"CENTER\"><span style=\"color: #333333\"><span style=\"font-family: Georgia, 'Times New Roman', 'Bitstream Charter', Times, serif\"><span style=\"color: #008080\"><u>Conte\u00fados Digitais em Geometria <\/u><\/span><\/span><\/span><\/h1>\n<h3 class=\"western\" style=\"text-align: center\" align=\"CENTER\"><span style=\"color: #333333\"><span style=\"font-family: Georgia, 'Times New Roman', 'Bitstream Charter', Times, serif\"><span style=\"color: #008080\"><u>IME \u2013 GGM<\/u><\/span><\/span><\/span><\/h3>\n<p><img loading=\"lazy\" decoding=\"async\" class=\"alignnone size-full wp-image-86\" src=\"http:\/\/www.professores.uff.br\/andreagomes\/wp-content\/uploads\/sites\/52\/2017\/08\/seta.png\" alt=\"\" width=\"32\" height=\"22\" \/>\u00a0<span style=\"font-size: medium\"><strong><span style=\"color: #333333\"><span style=\"font-family: Georgia, 'Times New Roman', 'Bitstream Charter', Times, serif\"><span style=\"color: #008080\"><u>Professores<\/u><\/span><\/span><\/span><\/strong><\/span><\/p>\n<p style=\"text-align: center\"><span style=\"color: #333333\"><span style=\"font-family: Georgia, 'Times New Roman', 'Bitstream Charter', Times, serif\"><span style=\"font-size: small\"><span style=\"color: #008080\"><u><span style=\"color: #808080\"><b>Andr\u00e9a G. Guimar\u00e3es<\/b><\/span><\/u><\/span><\/span><\/span><\/span><\/p>\n<p style=\"text-align: center\"><span style=\"font-size: small\"><a href=\"http:\/\/www.professores.uff.br\/asunjg\"><span style=\"color: #333333\"><span style=\"font-family: Georgia, 'Times New Roman', 'Bitstream Charter', Times, serif\"><span style=\"color: #008080\"><u><span style=\"color: #808080\"><b>Asun Jim\u00e9nez<\/b><\/span><\/u><\/span><\/span><\/span><\/a><\/span><\/p>\n<p style=\"text-align: center\"><span style=\"color: #333333\"><span style=\"font-family: Georgia, 'Times New Roman', 'Bitstream Charter', Times, serif\"><span style=\"font-size: small\"><span style=\"color: #008080\"><u><span style=\"color: #808080\"><b>Leandro C. \u00a0Merlo<\/b><\/span><\/u><\/span><\/span><\/span><\/span><\/p>\n<p><img loading=\"lazy\" decoding=\"async\" class=\"alignnone size-full wp-image-86\" src=\"http:\/\/www.professores.uff.br\/andreagomes\/wp-content\/uploads\/sites\/52\/2017\/08\/seta.png\" alt=\"\" width=\"32\" height=\"22\" \/>\u00a0<span style=\"font-size: medium\"><strong><span style=\"color: #008080\"><u>Alunos<\/u><\/span><\/strong><\/span><\/p>\n<p style=\"text-align: center\"><span style=\"color: #333333\"><span style=\"font-family: Georgia, 'Times New Roman', 'Bitstream Charter', Times, serif\"><span style=\"font-size: small\"><span style=\"color: #008080\"><u><span style=\"color: #808080\"><b>Vitor Maia Affonso de Carvalho &#8211; Matem\u00e1tica<\/b><\/span><\/u><\/span><\/span><\/span><\/span><\/p>\n<p style=\"text-align: center\"><span style=\"color: #333333\"><span style=\"font-family: Georgia, 'Times New Roman', 'Bitstream Charter', Times, serif\"><span style=\"font-size: small\"><span style=\"color: #008080\"><u><span style=\"color: #808080\"><b> Caio Brand\u00e3o da Costa &#8211; Engenharia Mec\u00e2nica<\/b><\/span><\/u><\/span><\/span><\/span><\/span><\/p>\n<p><img loading=\"lazy\" decoding=\"async\" class=\"alignnone size-full wp-image-86\" src=\"http:\/\/www.professores.uff.br\/andreagomes\/wp-content\/uploads\/sites\/52\/2017\/08\/seta.png\" alt=\"\" width=\"32\" height=\"22\" \/>\u00a0<strong><span style=\"color: #008080;font-size: medium\"><u>Objetivo<\/u><\/span><\/strong><b>\u00a0 \u00a0 \u00a0 \u00a0<\/b><\/p>\n<p style=\"text-align: left\" align=\"LEFT\"><span style=\"color: #808080\"><span style=\"font-family: Georgia, 'Times New Roman', 'Bitstream Charter', Times, serif\"><span style=\"font-size: small\"><b>\u00a0 \u00a0 \u00a0 \u00a0 \u00a0Gerar v\u00eddeo-aulas sobre\u00a0conteu\u0301dos de Geometria Anali\u0301tica e C\u00e1lculo Vetorial\u00a0\u00a0utilizando\u00a0ferramentas digitais, com o objetivo de auxiliar professores e alunos da disciplina, e simultaneamente reforc\u0327ar o aprendizado dos alunos participantes do projeto.<br \/>\n<\/b><\/span><\/span><\/span><\/p>\n<p style=\"text-align: left\" align=\"LEFT\"><span style=\"color: #808080\"><span style=\"font-family: Georgia, 'Times New Roman', 'Bitstream Charter', Times, serif\"><span style=\"font-size: small\"><b>\u00a0 \u00a0 \u00a0 \u00a0 As v\u00eddeo-aulas, coordenadas pelos professores do projeto, e elaboradas\u00a0 por alunos vinculados, tratar\u00e3o os conceitos que aparecem nas disciplinas de Geometria Anal\u00edtica de um ponto de vista vetorial e sem uso de coordenadas<\/b><\/span><\/span><\/span><span style=\"color: #808080\"><span style=\"font-family: Georgia, 'Times New Roman', 'Bitstream Charter', Times, serif\"><span style=\"font-size: small\"><b>.<\/b><\/span><\/span><\/span><\/p>\n<p style=\"text-align: left\" align=\"LEFT\"><span style=\"color: #808080\"><span style=\"font-family: Georgia, 'Times New Roman', 'Bitstream Charter', Times, serif\"><span style=\"font-size: small\"><b>\u00a0 \u00a0 \u00a0 \u00a0 Lembrem-se que os v\u00eddeos n\u00e3o substituem as aulas, eles fornecem uma ferramenta did\u00e1tica e complementar para os alunos.<\/b><\/span><\/span><\/span><\/p>\n<p style=\"text-align: left\" align=\"LEFT\"><b><\/b><img loading=\"lazy\" decoding=\"async\" class=\"alignnone size-full wp-image-86\" src=\"http:\/\/www.professores.uff.br\/andreagomes\/wp-content\/uploads\/sites\/52\/2017\/08\/seta.png\" alt=\"\" width=\"32\" height=\"22\" \/>\u00a0<span style=\"color: #008080;font-size: medium\"><b><u>V\u00eddeo-Aulas<\/u><\/b><\/span><\/p>\n<p style=\"text-align: center\" align=\"LEFT\"><a href=\"http:\/\/www.professores.uff.br\/andreagomes\/wp-content\/uploads\/sites\/52\/2018\/03\/Video.mp4\">V\u00eddeo I &#8211; Soma de Vetores<\/a><\/p>\n<p style=\"text-align: center\" align=\"LEFT\"><a href=\"http:\/\/www.professores.uff.br\/andreagomes\/wp-content\/uploads\/sites\/52\/2018\/03\/Escalar_Vetor.mp4\">V\u00eddeo II &#8211; Produto de Vetor por Escalar e Subtra\u00e7\u00e3o de Vetores<\/a><\/p>\n<p style=\"text-align: center\" align=\"LEFT\"><a href=\"http:\/\/www.professores.uff.br\/andreagomes\/wp-content\/uploads\/sites\/52\/2018\/04\/Video_Comb_Linear.mp4\">V\u00eddeo III &#8211; Combina\u00e7\u00e3o Linear entre vetores<\/a><\/p>\n<p style=\"text-align: center\" align=\"LEFT\"><a href=\"http:\/\/www.professores.uff.br\/andreagomes\/wp-content\/uploads\/sites\/52\/2018\/09\/Produto_Interno_video.mp4\">V\u00eddeo IV &#8211; Produto Interno<\/a><\/p>\n<p><img loading=\"lazy\" decoding=\"async\" class=\"alignnone size-full wp-image-86\" src=\"http:\/\/www.professores.uff.br\/andreagomes\/wp-content\/uploads\/sites\/52\/2017\/08\/seta.png\" alt=\"\" width=\"32\" height=\"22\" \/>\u00a0<span style=\"color: #008080;font-size: medium\"><b><u>Processo Seletivo<\/u><\/b><\/span><\/p>\n<p style=\"text-align: center\"><span style=\"color: #808080\"><span style=\"font-family: Georgia, 'Times New Roman', 'Bitstream Charter', Times, serif\"><span style=\"font-size: small\"><b>\u00a0 \u00a0 \u00a0 \u00a0 \u00a0Alunos interessados em participar do projeto,\u00a0 <a href=\"https:\/\/docs.google.com\/forms\/d\/e\/1FAIpQLSdgqOAIHyrge-6IS_cHBxsa-XIG-zRv-ERkp1QP165RKsx5CQ\/viewform?usp=pp_url&amp;entry.1479402826&amp;entry.1616578669&amp;entry.1706244602&amp;entry.851347192\">clique aqui<\/a> para se inscrever.\u00a0<\/b><\/span><\/span><\/span><\/p>\n<p style=\"text-align: center\"><strong><span style=\"color: #808080\"><span style=\"font-family: Georgia, 'Times New Roman', 'Bitstream Charter', Times, serif\"><span style=\"font-size: medium\"><b>Pr\u00e9-Requisitos:<\/b><\/span><\/span><\/span><\/strong><span style=\"color: #808080\"><span style=\"font-family: Georgia, 'Times New Roman', 'Bitstream Charter', Times, serif\"><span style=\"font-size: medium\">\u00a0<\/span><\/span><\/span><span style=\"color: #808080\"><span style=\"font-family: Georgia, 'Times New Roman', 'Bitstream Charter', Times, serif\"><span style=\"font-size: medium\">Geometria Anal\u00edtica I,\u00a0Geometria B\u00e1sica, Geometria Anal\u00edtica e C\u00e1lculo Vetorial<\/span><\/span><\/span><\/p>\n<p style=\"text-align: center\" align=\"LEFT\">\n","protected":false},"excerpt":{"rendered":"<p>Conte\u00fados Digitais em Geometria IME \u2013 GGM \u00a0Professores Andr\u00e9a G. Guimar\u00e3es Asun Jim\u00e9nez Leandro C. \u00a0Merlo \u00a0Alunos Vitor Maia Affonso de Carvalho &#8211; Matem\u00e1tica Caio Brand\u00e3o da Costa &#8211; Engenharia Mec\u00e2nica \u00a0Objetivo\u00a0 \u00a0 \u00a0 \u00a0 \u00a0 \u00a0 \u00a0 \u00a0 \u00a0Gerar v\u00eddeo-aulas sobre\u00a0conteu\u0301dos de Geometria Anali\u0301tica e C\u00e1lculo Vetorial\u00a0\u00a0utilizando\u00a0ferramentas digitais, com o objetivo de auxiliar professores [&hellip;]<\/p>\n","protected":false},"author":2,"featured_media":0,"parent":0,"menu_order":0,"comment_status":"closed","ping_status":"closed","template":"","meta":{"_exactmetrics_skip_tracking":false,"_exactmetrics_sitenote_active":false,"_exactmetrics_sitenote_note":"","_exactmetrics_sitenote_category":0,"footnotes":""},"categories":[],"tags":[],"class_list":["post-11","page","type-page","status-publish","hentry"],"_links":{"self":[{"href":"https:\/\/www.professores.uff.br\/andreagomes\/wp-json\/wp\/v2\/pages\/11","targetHints":{"allow":["GET"]}}],"collection":[{"href":"https:\/\/www.professores.uff.br\/andreagomes\/wp-json\/wp\/v2\/pages"}],"about":[{"href":"https:\/\/www.professores.uff.br\/andreagomes\/wp-json\/wp\/v2\/types\/page"}],"author":[{"embeddable":true,"href":"https:\/\/www.professores.uff.br\/andreagomes\/wp-json\/wp\/v2\/users\/2"}],"replies":[{"embeddable":true,"href":"https:\/\/www.professores.uff.br\/andreagomes\/wp-json\/wp\/v2\/comments?post=11"}],"version-history":[{"count":44,"href":"https:\/\/www.professores.uff.br\/andreagomes\/wp-json\/wp\/v2\/pages\/11\/revisions"}],"predecessor-version":[{"id":777,"href":"https:\/\/www.professores.uff.br\/andreagomes\/wp-json\/wp\/v2\/pages\/11\/revisions\/777"}],"wp:attachment":[{"href":"https:\/\/www.professores.uff.br\/andreagomes\/wp-json\/wp\/v2\/media?parent=11"}],"wp:term":[{"taxonomy":"category","embeddable":true,"href":"https:\/\/www.professores.uff.br\/andreagomes\/wp-json\/wp\/v2\/categories?post=11"},{"taxonomy":"post_tag","embeddable":true,"href":"https:\/\/www.professores.uff.br\/andreagomes\/wp-json\/wp\/v2\/tags?post=11"}],"curies":[{"name":"wp","href":"https:\/\/api.w.org\/{rel}","templated":true}]}}