{"id":292,"date":"2018-03-28T14:45:25","date_gmt":"2018-03-28T17:45:25","guid":{"rendered":"http:\/\/www.professores.uff.br\/andreagomes\/?page_id=292"},"modified":"2019-12-13T22:01:43","modified_gmt":"2019-12-14T01:01:43","slug":"geometria_2","status":"publish","type":"page","link":"https:\/\/www.professores.uff.br\/andreagomes\/cursos\/geometria_2\/","title":{"rendered":"Geometria II"},"content":{"rendered":"<h4><\/h4>\n<h4><strong><span style=\"color: #a901db\"><b>Refer\u00eancias Bibliogr\u00e1ficas<\/b><\/span><\/strong><\/h4>\n<p>[1]\u00a0Geometria<br \/>\nAutor:\u00a0Neto, A. C. M.<br \/>\nSBM &#8211; Cole\u00e7\u00e3o\u00a0Profmat<\/p>\n<p>[2]\u00a0Geometria Euclidiana Plana<br \/>\nAutor:\u00a0Jo\u00e3o Lucas Marques Barbosa<br \/>\nSBM &#8211; Cole\u00e7\u00e3o do Professor de Matem\u00e1tica<\/p>\n<p>[3]\u00a0Constru\u00e7\u00f5es Geom\u00e9tricas<br \/>\nAutor:\u00a0Eduardo Wagner<br \/>\nSBM &#8211; Cole\u00e7\u00e3o do Professor de Matem\u00e1tica<\/p>\n<p>[4]\u00a0Geometria B\u00e1sica (Dispon\u00edvel online em https:\/\/canalcederj.cecierj.edu.br\/recurso\/6502 )<br \/>\nAutores:\u00a0Edson Luiz C. Ferreira, F. X. Fontenele Neto, Isabel Lug\u00e3o Rios<br \/>\nVolume II, M\u00f3dulo I, funda\u00e7\u00e3o CECIERJ\u00a0&#8211; Cons\u00f3rcio CEDERJ<\/p>\n<hr \/>\n<h4><strong><span style=\"color: #a901db\"><b>Datas de Provas<\/b><\/span><\/strong><\/h4>\n<p><strong>P1 (A nota m\u00e1xima atribu\u00edda ao aluno \u00e9 de 10,0 pontos):\u00a0<\/strong><\/p>\n<p><strong>Parte 1:<\/strong> 26\/08 &#8211; <strong>Valor:<\/strong> 2,0 pontos\u00a0 \u00a0 <strong>Parte 2:<\/strong> 02\/09 &#8211; <strong>Valor:<\/strong> 1,0 ponto<\/p>\n<p><strong>Parte 3:<\/strong> 25\/09 &#8211;\u00a0 <strong>Valor:<\/strong> 3,0 pontos\u00a0 \u00a0<strong>Parte 4:<\/strong> 16\/10 &#8211; <strong>Valor:<\/strong> 5,0 pontos<\/p>\n<p><strong>P2:<\/strong><\/p>\n<p><strong>Parte I:<\/strong>\u00a03,0 pontos\u00a0 <strong>Parte 2:<\/strong> 09\/12\/19 &#8211; <strong>Valor:<\/strong> 6,0 pontos<\/p>\n<p><strong>Parte 3:<\/strong> 11\/12\/19 &#8211; <strong>Valor:<\/strong> 5 pontos<\/p>\n<p><strong>VS: 18\/12\/2019<\/strong><\/p>\n<p><strong><a href=\"http:\/\/www.professores.uff.br\/andreagomes\/wp-content\/uploads\/sites\/52\/2019\/12\/Notas_2019_2_G_II.pdf\">Nota da P1<\/a><\/strong><\/p>\n<p><strong><a href=\"http:\/\/www.professores.uff.br\/andreagomes\/wp-content\/uploads\/sites\/52\/2019\/12\/Nota_P2_G_2_2019_2.pdf\">Nota da P2 e situa\u00e7\u00e3o final<\/a><\/strong><\/p>\n<hr \/>\n<h4><strong><span style=\"color: #a901db\"><b>Ementa:<\/b><\/span><\/strong><\/h4>\n<p>Constru\u00e7\u00f5es de c\u00f4nicas. \u00c1reas de c\u00edrculos. Isometrias, homotetias e constru\u00e7\u00f5es<br \/>\nrelacionadas. Espa\u00e7o: Conceitos b\u00e1sicos e postulados. Superf\u00edcies poli\u00e9dricas e rela\u00e7\u00e3o de Euler.<br \/>\nPoliedros regulares. Princ\u00edpio de Cavalieri. \u00c1reas e volumes dos principais s\u00f3lidos. S\u00f3lidos semelhantes<\/p>\n<h4><strong><span style=\"color: #a901db\"><b>Lista de Exerc\u00edcios e Algumas Solu\u00e7\u00f5es:<\/b><\/span><\/strong><\/h4>\n<p><a href=\"http:\/\/www.professores.uff.br\/andreagomes\/wp-content\/uploads\/sites\/52\/2019\/08\/Lista1.pdf\"><strong>Lista I<\/strong><\/a><\/p>\n<p><a href=\"http:\/\/www.professores.uff.br\/andreagomes\/wp-content\/uploads\/sites\/52\/2019\/04\/Lista_1_Transformacoes.pdf\"><strong>Lista II<\/strong><\/a><\/p>\n<p><strong><a href=\"http:\/\/www.professores.uff.br\/andreagomes\/wp-content\/uploads\/sites\/52\/2019\/04\/EXERCICIOS_EXTRAS_TRANFORMACOES.pdf\">Lista III<\/a><\/strong><\/p>\n<p><span style=\"color: #3366ff\"><strong>Lista IV<\/strong> <\/span>&#8211;\u00a0 exerc\u00edcios das aulas 18, 19 e 20 da refer\u00eancia [4] (conte\u00fado da parte 4 da P1)<\/p>\n<p><a href=\"http:\/\/www.professores.uff.br\/andreagomes\/wp-content\/uploads\/sites\/52\/2019\/10\/Axiomas_Proposic\u0327o\u0303es_2019_2_GII.pdf\">Lista de Proposi\u00e7\u00f5es<\/a><\/p>\n<p><a href=\"http:\/\/www.professores.uff.br\/andreagomes\/wp-content\/uploads\/sites\/52\/2019\/10\/Exercicos_20_4-19_2.pdf\">Solu\u00e7\u00e3o dos exerc\u00edcios: 4-Aula 20 e 2-Aula 19<\/a>\u00a0 \u00a0 \u00a0 \u00a0 \u00a0 \u00a0X<\/p>\n<h5><\/h5>\n<h5><\/h5>\n<hr \/>\n<h4><strong><span style=\"color: #a901db\"><b>T<\/b><\/span><\/strong><strong><span style=\"color: #a901db\"><b>otal de Faltas\u00a0<\/b><\/span><\/strong><\/h4>\n<h4><\/h4>\n","protected":false},"excerpt":{"rendered":"<p>Refer\u00eancias Bibliogr\u00e1ficas [1]\u00a0Geometria Autor:\u00a0Neto, A. C. M. SBM &#8211; Cole\u00e7\u00e3o\u00a0Profmat [2]\u00a0Geometria Euclidiana Plana Autor:\u00a0Jo\u00e3o Lucas Marques Barbosa SBM &#8211; Cole\u00e7\u00e3o do Professor de Matem\u00e1tica [3]\u00a0Constru\u00e7\u00f5es Geom\u00e9tricas Autor:\u00a0Eduardo Wagner SBM &#8211; Cole\u00e7\u00e3o do Professor de Matem\u00e1tica [4]\u00a0Geometria B\u00e1sica (Dispon\u00edvel online em https:\/\/canalcederj.cecierj.edu.br\/recurso\/6502 ) Autores:\u00a0Edson Luiz C. Ferreira, F. X. Fontenele Neto, Isabel Lug\u00e3o Rios Volume II, [&hellip;]<\/p>\n","protected":false},"author":55,"featured_media":0,"parent":5,"menu_order":0,"comment_status":"closed","ping_status":"closed","template":"","meta":{"_exactmetrics_skip_tracking":false,"_exactmetrics_sitenote_active":false,"_exactmetrics_sitenote_note":"","_exactmetrics_sitenote_category":0,"footnotes":""},"categories":[],"tags":[],"class_list":["post-292","page","type-page","status-publish","hentry"],"_links":{"self":[{"href":"https:\/\/www.professores.uff.br\/andreagomes\/wp-json\/wp\/v2\/pages\/292","targetHints":{"allow":["GET"]}}],"collection":[{"href":"https:\/\/www.professores.uff.br\/andreagomes\/wp-json\/wp\/v2\/pages"}],"about":[{"href":"https:\/\/www.professores.uff.br\/andreagomes\/wp-json\/wp\/v2\/types\/page"}],"author":[{"embeddable":true,"href":"https:\/\/www.professores.uff.br\/andreagomes\/wp-json\/wp\/v2\/users\/55"}],"replies":[{"embeddable":true,"href":"https:\/\/www.professores.uff.br\/andreagomes\/wp-json\/wp\/v2\/comments?post=292"}],"version-history":[{"count":161,"href":"https:\/\/www.professores.uff.br\/andreagomes\/wp-json\/wp\/v2\/pages\/292\/revisions"}],"predecessor-version":[{"id":768,"href":"https:\/\/www.professores.uff.br\/andreagomes\/wp-json\/wp\/v2\/pages\/292\/revisions\/768"}],"up":[{"embeddable":true,"href":"https:\/\/www.professores.uff.br\/andreagomes\/wp-json\/wp\/v2\/pages\/5"}],"wp:attachment":[{"href":"https:\/\/www.professores.uff.br\/andreagomes\/wp-json\/wp\/v2\/media?parent=292"}],"wp:term":[{"taxonomy":"category","embeddable":true,"href":"https:\/\/www.professores.uff.br\/andreagomes\/wp-json\/wp\/v2\/categories?post=292"},{"taxonomy":"post_tag","embeddable":true,"href":"https:\/\/www.professores.uff.br\/andreagomes\/wp-json\/wp\/v2\/tags?post=292"}],"curies":[{"name":"wp","href":"https:\/\/api.w.org\/{rel}","templated":true}]}}