{"id":536,"date":"2017-08-21T09:43:01","date_gmt":"2017-08-21T12:43:01","guid":{"rendered":"http:\/\/www.professores.uff.br\/cristiane\/?page_id=536"},"modified":"2017-08-21T09:43:01","modified_gmt":"2017-08-21T12:43:01","slug":"avaliacao-das-restricoes-legais-a-ocupacao-urbana","status":"publish","type":"page","link":"https:\/\/www.professores.uff.br\/cristiane\/avaliacao-das-restricoes-legais-a-ocupacao-urbana\/","title":{"rendered":"Avalia\u00e7\u00e3o das Restri\u00e7\u00f5es Legais \u00e0 Ocupa\u00e7\u00e3o Urbana"},"content":{"rendered":"<h5><strong>Objetivo<\/strong><\/h5>\n<ul>\n<li>Gerar um mapa tem\u00e1tico das \u00e1reas com restri\u00e7\u00f5es legais \u00e0 ocupa\u00e7\u00e3o urbana.<\/li>\n<\/ul>\n<h5><strong> \u00c1rea de estudo<\/strong><\/h5>\n<ul>\n<li>Bacia do rio Japu\u00edba, Angra dos Reis, RJ.<\/li>\n<\/ul>\n<h5><strong>Base de dados<\/strong><\/h5>\n<ul>\n<li>Declividade \u2013 dcl_japuiba.shp.<\/li>\n<li>\u00c1rea de entorno (30 m) dos cursos d\u2019\u00e1gua \u2013 buf_japuiba.shp.<\/li>\n<li>Uso e cobertura do solo \u2013 uso_japuiba.shp.<\/li>\n<\/ul>\n<h5><strong>Modelo de An\u00e1lise<\/strong><\/h5>\n<p><img loading=\"lazy\" decoding=\"async\" class=\"alignnone size-full wp-image-533\" src=\"http:\/\/www.professores.uff.br\/cristiane\/wp-content\/uploads\/sites\/18\/2017\/08\/image001-3.gif\" alt=\"\" width=\"812\" height=\"192\" \/><br \/>\n* Este tema \u00e9 criado a partir da opera\u00e7\u00e3o de buffer aplicada no tema de hidrografia.<\/p>\n<ol>\n<li>A Lei 4.771\/1965, que institui o C\u00f3digo Florestal C\u00f3digo Florestal, pro\u00edbe a retirada de florestas situadas em encostas com inclina\u00e7\u00e3o entre 25\u00ba a 45\u00ba. Acima deste valor as florestas e demais formas de vegeta\u00e7\u00e3o natural s\u00e3o consideradas como preserva\u00e7\u00e3o permanente. A Lei 6.766\/1979, que disp\u00f5e sobre o parcelamento do solo urbano, pro\u00edbe o parcelamento urbano em terrenos com declividade igual ou superior a 30%.<\/li>\n<li>O Projeto de Lei 285\/1999, que disp\u00f5e sobre a utiliza\u00e7\u00e3o e prote\u00e7\u00e3o da Mata Atl\u00e2ntica, estabelece as condi\u00e7\u00f5es para o corte, a supress\u00e3o e a explora\u00e7\u00e3o da vegeta\u00e7\u00e3o do Bioma Mata Atl\u00e2ntica. Para a vegeta\u00e7\u00e3o prim\u00e1ria ou secund\u00e1ria em est\u00e1gio avan\u00e7ado, a supress\u00e3o somente poder\u00e1 ser autorizada em caso de utilidade p\u00fablica, enquanto em est\u00e1gio m\u00e9dio poder\u00e1 ser suprimida nos casos de utilidade p\u00fablica e interesse social. O corte, a supress\u00e3o e a explora\u00e7\u00e3o da vegeta\u00e7\u00e3o secund\u00e1ria em est\u00e1gio inicial de regenera\u00e7\u00e3o ser\u00e3o autorizados pelo \u00f3rg\u00e3o estadual competente.<\/li>\n<li>O Art. 2\u00ba, do C\u00f3digo Florestal, protege as florestas e demais formas de vegeta\u00e7\u00e3o natural considerando de preserva\u00e7\u00e3o permanente, quando est\u00e3o situadas ao longo dos rios ou de qualquer curso d&#8217;\u00e1gua desde o seu n\u00edvel mais alto em faixa marginal cuja largura m\u00ednima ser\u00e1: 1 &#8211; de 30 (trinta) metros para os cursos d&#8217;\u00e1gua de menos de 10 (dez) metros de largura; e 2 &#8211; de 50 (cinquenta) metros para os cursos d&#8217;\u00e1gua que tenham de 10 (dez) a 50 (cinquenta) metros de largura.<\/li>\n<\/ol>\n<h5><strong>Passo a passo<\/strong><\/h5>\n<p><strong>1- Criar um banco de dados<\/strong><\/p>\n<ul>\n<li><a href=\"http:\/\/www.professores.uff.br\/cristiane\/manual\/\">Criar banco de dados<\/a> restri\u00e7\u00f5es legais.mdb.<\/li>\n<li><a href=\"http:\/\/www.professores.uff.br\/cristiane\/manual\/\">Importar<\/a> o arquivo dcl_japuiba.shp com as seguintes configura\u00e7\u00f5es:<\/li>\n<li>Na janela Proje\u00e7\u00e3o, entre com os valores UTM (Universal Transverso de Mercator), SAD69 e Zona 23.<\/li>\n<li>Permita a cria\u00e7\u00e3o autom\u00e1tica do identificador.<\/li>\n<li>Quando perguntar se deseja visualizar os dados, responda N\u00e3o.<\/li>\n<li>Repetir a opera\u00e7\u00e3o anterior para o arquivo buf_japuiba.shp e uso_japuiba.shp.<\/li>\n<\/ul>\n<p><strong>2- Visualizar os temas<\/strong><\/p>\n<ul>\n<li><a href=\"http:\/\/www.professores.uff.br\/cristiane\/manual\/\">Criar uma vista<\/a> e denomin\u00e1-la como Restri\u00e7\u00f5es.<\/li>\n<li><a href=\"http:\/\/www.professores.uff.br\/cristiane\/manual\/\">Adicionar<\/a> um tema dcl_japuiba e denomin\u00e1-lo como declividade.<br \/>\nRepita a opera\u00e7\u00e3o anterior para o arquivo buf_japuiba, denominando como \u00e1rea de entorno, e uso_japuiba, como uso e<\/li>\n<li>cobertura do solo.<\/li>\n<li><a href=\"http:\/\/www.professores.uff.br\/cristiane\/manual\/\">Desenhar tema<\/a> adicionados.<\/li>\n<\/ul>\n<p><strong>3- Fazer interse\u00e7\u00e3o entre os temas<\/strong><br \/>\n<a href=\"http:\/\/www.professores.uff.br\/cristiane\/manual\/\">Fazer uma intersec\u00e7\u00e3o<\/a> entre os temas declividade e uso e cobertura do solo com as seguintes configura\u00e7\u00f5es:<\/p>\n<ul>\n<li>Tema de entrada: uso e cobertura do solo.<\/li>\n<li>Tema de superposi\u00e7\u00e3o: declividade. Marcar a op\u00e7\u00e3o Selecionar os atributos do tema de overlay.<\/li>\n<li>Plano de sa\u00edda: usoxdcl.<\/li>\n<\/ul>\n<p><a href=\"http:\/\/www.professores.uff.br\/cristiane\/manual\/\">Fazer uma intersec\u00e7\u00e3o<\/a> entre os temas usoxdcl e \u00e1rea de entorno configura\u00e7\u00f5es:<\/p>\n<ul>\n<li>Tema de entrada: usoxdcl.<\/li>\n<li>Tema de superposi\u00e7\u00e3o: \u00e1rea de entorno. Marcar a op\u00e7\u00e3o Selecionar os atributos do tema de overlay.<\/li>\n<li>Plano de sa\u00edda: usoxdclxentorno<\/li>\n<\/ul>\n<p><strong>4. Classificar as \u00e1reas de acordo com as restri\u00e7\u00f5es legais \u00e0 ocupa\u00e7\u00e3o<\/strong><br \/>\n<a href=\"http:\/\/www.professores.uff.br\/cristiane\/manual\/\">Selecionar<\/a> os elementos com restri\u00e7\u00f5es legais \u00e0 ocupa\u00e7\u00e3o de acordo com a seguinte express\u00e3o: Cod_dist = 0 OR Cod_uso = 1 OR Cod_dcl &gt; 4, correspondendo as \u00e1reas com dist\u00e2ncia dos corpos d\u2019\u00e1gua abaixo de 30 m ou cobertura do solo igual a floresta ou declividade superior a 30%.<br \/>\n<a href=\"http:\/\/www.professores.uff.br\/cristiane\/manual\/\">Adicionar coluna<\/a>, denomin\u00e1-la como Restri\u00e7\u00e3o e especificar o tipo como string de tamanho 3.<br \/>\n<a href=\"http:\/\/www.professores.uff.br\/cristiane\/manual\/\">Alterar os dados da coluna<\/a> Restri\u00e7\u00e3o com a express\u00e3o: \u201cSim\u201d. Marcar a op\u00e7\u00e3o Consultados. Desta forma, os registros com restri\u00e7\u00e3o \u00e0 ocupa\u00e7\u00e3o receberam o texto SIM.<br \/>\nSelecionar os elementos sem restri\u00e7\u00f5es legais \u00e0 ocupa\u00e7\u00e3o, <a href=\"http:\/\/www.professores.uff.br\/cristiane\/manual\/\">invertendo a sele\u00e7\u00e3o<\/a> do tema usoxdclxentorno.<br \/>\n<a href=\"http:\/\/www.professores.uff.br\/cristiane\/manual\/\">Alterar os dados da coluna<\/a> Restri\u00e7\u00e3o com a express\u00e3o: \u201cN\u00e3o\u201d. Marcar a op\u00e7\u00e3o Apontados. Desta forma, os registros sem restri\u00e7\u00e3o \u00e0 ocupa\u00e7\u00e3o receberam o texto N\u00c3O.<\/p>\n<p><strong>5. Criar um mapa tem\u00e1tico de Restri\u00e7\u00f5es Legais<\/strong><br \/>\n<a href=\"http:\/\/www.professores.uff.br\/cristiane\/manual\/\">Criar mapa tem\u00e1tico de restri\u00e7\u00f5es<\/a> legais \u00e0 ocupa\u00e7\u00e3o antr\u00f3pica. Na janela Editor de Legenda, selecione na op\u00e7\u00e3o Modo: Valor \u00danico.<br \/>\n<a href=\"http:\/\/www.professores.uff.br\/cristiane\/manual\/\">Editar a legenda<\/a>, renomeando a classe Sim como \u201cCom restri\u00e7\u00f5es legais \u00e0 ocupa\u00e7\u00e3o\u201d e a classe N\u00e3o como \u201cSem restri\u00e7\u00f5es legais \u00e0 ocupa\u00e7\u00e3o\u201d. Altere o t\u00edtulo da legenda para Restri\u00e7\u00f5es \u00e0 Ocupa\u00e7\u00e3o Antr\u00f3pica.<br \/>\n<a href=\"http:\/\/www.professores.uff.br\/cristiane\/manual\/\">Exibir a legenda<\/a> na \u00e1rea de visualiza\u00e7\u00e3o.<\/p>\n","protected":false},"excerpt":{"rendered":"<p>Objetivo Gerar um mapa tem\u00e1tico das \u00e1reas com restri\u00e7\u00f5es legais \u00e0 ocupa\u00e7\u00e3o urbana. \u00c1rea de estudo Bacia do rio Japu\u00edba, Angra dos Reis, RJ. Base de dados Declividade \u2013 dcl_japuiba.shp. \u00c1rea de entorno (30 m) dos cursos d\u2019\u00e1gua \u2013 buf_japuiba.shp. Uso e cobertura do solo \u2013 uso_japuiba.shp. Modelo de An\u00e1lise * Este tema \u00e9 criado [&hellip;]<\/p>\n","protected":false},"author":22,"featured_media":0,"parent":0,"menu_order":0,"comment_status":"closed","ping_status":"closed","template":"","meta":{"_exactmetrics_skip_tracking":false,"_exactmetrics_sitenote_active":false,"_exactmetrics_sitenote_note":"","_exactmetrics_sitenote_category":0,"footnotes":""},"categories":[],"tags":[],"class_list":["post-536","page","type-page","status-publish","hentry"],"_links":{"self":[{"href":"https:\/\/www.professores.uff.br\/cristiane\/wp-json\/wp\/v2\/pages\/536","targetHints":{"allow":["GET"]}}],"collection":[{"href":"https:\/\/www.professores.uff.br\/cristiane\/wp-json\/wp\/v2\/pages"}],"about":[{"href":"https:\/\/www.professores.uff.br\/cristiane\/wp-json\/wp\/v2\/types\/page"}],"author":[{"embeddable":true,"href":"https:\/\/www.professores.uff.br\/cristiane\/wp-json\/wp\/v2\/users\/22"}],"replies":[{"embeddable":true,"href":"https:\/\/www.professores.uff.br\/cristiane\/wp-json\/wp\/v2\/comments?post=536"}],"version-history":[{"count":1,"href":"https:\/\/www.professores.uff.br\/cristiane\/wp-json\/wp\/v2\/pages\/536\/revisions"}],"predecessor-version":[{"id":537,"href":"https:\/\/www.professores.uff.br\/cristiane\/wp-json\/wp\/v2\/pages\/536\/revisions\/537"}],"wp:attachment":[{"href":"https:\/\/www.professores.uff.br\/cristiane\/wp-json\/wp\/v2\/media?parent=536"}],"wp:term":[{"taxonomy":"category","embeddable":true,"href":"https:\/\/www.professores.uff.br\/cristiane\/wp-json\/wp\/v2\/categories?post=536"},{"taxonomy":"post_tag","embeddable":true,"href":"https:\/\/www.professores.uff.br\/cristiane\/wp-json\/wp\/v2\/tags?post=536"}],"curies":[{"name":"wp","href":"https:\/\/api.w.org\/{rel}","templated":true}]}}