{"id":106,"date":"2017-07-19T16:13:43","date_gmt":"2017-07-19T19:13:43","guid":{"rendered":"http:\/\/www.professores.uff.br\/fernandogama\/?page_id=106"},"modified":"2017-08-21T14:58:45","modified_gmt":"2017-08-21T17:58:45","slug":"busca-juridica","status":"publish","type":"page","link":"https:\/\/www.professores.uff.br\/fernandogama\/busca-juridica\/","title":{"rendered":"Busca jur\u00eddica"},"content":{"rendered":"<p><img loading=\"lazy\" decoding=\"async\" class=\"size-thumbnail wp-image-108 alignleft\" src=\"http:\/\/www.professores.uff.br\/fernandogama\/wp-content\/uploads\/sites\/15\/2017\/07\/office-150x150.png\" alt=\"\" width=\"150\" height=\"150\" srcset=\"https:\/\/www.professores.uff.br\/fernandogama\/wp-content\/uploads\/sites\/15\/2017\/07\/office-150x150.png 150w, https:\/\/www.professores.uff.br\/fernandogama\/wp-content\/uploads\/sites\/15\/2017\/07\/office.png 200w\" sizes=\"auto, (max-width: 150px) 100vw, 150px\" \/><\/p>\n<p>&nbsp;<\/p>\n<p><a href=\"https:\/\/sistemas.uff.br\/pergamum\/biblioteca\/index.php\" target=\"_blank\" rel=\"noopener noreferrer\">Biblioteca da UFF (Pergamum)<\/a><\/p>\n<p><a href=\"http:\/\/www4.tjrj.jus.br\/biblioteca\/index.html\" target=\"_blank\" rel=\"noopener noreferrer\">Biblioteca do TJRJ<\/a><\/p>\n<p><a href=\"http:\/\/www.cjf.jus.br\/cjf\/biblioteca\" target=\"_blank\" rel=\"noopener noreferrer\">Biblioteca do Conselho da Justi\u00e7a Federal<\/a><\/p>\n<p><a href=\"http:\/\/www.stf.jus.br\/portal\/cms\/verTexto.asp?servico=bibliotecaConsultaAcervoStf\" target=\"_blank\" rel=\"noopener noreferrer\">Biblioteca do STF<\/a><\/p>\n<p><a href=\"http:\/\/www.egov.ufsc.br\/portal\/buscalegis\" target=\"_blank\" rel=\"noopener noreferrer\">Buscalegis (UFSC)<\/a><\/p>\n<p><a href=\"http:\/\/dialnet.unirioja.es\/\" target=\"_blank\" rel=\"noopener noreferrer\">Dialnet<\/a><\/p>\n<p><a href=\"http:\/\/www.redalyc.org\/home.oa\" target=\"_blank\" rel=\"noopener noreferrer\">Rede de Revistas Cient\u00edficas da Am\u00e9rica Latina e outros pa\u00edses (Redalyc)<\/a><\/p>\n<p><a href=\"http:\/\/papers.ssrn.com\/sol3\/DisplayAbstractSearch.cfm\" target=\"_blank\" rel=\"noopener noreferrer\">Social Science Research Network (SSRN)<\/a><\/p>\n","protected":false},"excerpt":{"rendered":"<p>&nbsp; Biblioteca da UFF (Pergamum) Biblioteca do TJRJ Biblioteca do Conselho da Justi\u00e7a Federal Biblioteca do STF Buscalegis (UFSC) Dialnet Rede de Revistas Cient\u00edficas da Am\u00e9rica Latina e outros pa\u00edses (Redalyc) Social Science Research Network (SSRN)<\/p>\n","protected":false},"author":1,"featured_media":0,"parent":0,"menu_order":0,"comment_status":"closed","ping_status":"closed","template":"","meta":{"_exactmetrics_skip_tracking":false,"_exactmetrics_sitenote_active":false,"_exactmetrics_sitenote_note":"","_exactmetrics_sitenote_category":0,"footnotes":""},"categories":[3],"tags":[18,17,19],"class_list":["post-106","page","type-page","status-publish","hentry","category-paginas_menu_principal","tag-busca","tag-buscajuridica","tag-juridica"],"_links":{"self":[{"href":"https:\/\/www.professores.uff.br\/fernandogama\/wp-json\/wp\/v2\/pages\/106","targetHints":{"allow":["GET"]}}],"collection":[{"href":"https:\/\/www.professores.uff.br\/fernandogama\/wp-json\/wp\/v2\/pages"}],"about":[{"href":"https:\/\/www.professores.uff.br\/fernandogama\/wp-json\/wp\/v2\/types\/page"}],"author":[{"embeddable":true,"href":"https:\/\/www.professores.uff.br\/fernandogama\/wp-json\/wp\/v2\/users\/1"}],"replies":[{"embeddable":true,"href":"https:\/\/www.professores.uff.br\/fernandogama\/wp-json\/wp\/v2\/comments?post=106"}],"version-history":[{"count":11,"href":"https:\/\/www.professores.uff.br\/fernandogama\/wp-json\/wp\/v2\/pages\/106\/revisions"}],"predecessor-version":[{"id":223,"href":"https:\/\/www.professores.uff.br\/fernandogama\/wp-json\/wp\/v2\/pages\/106\/revisions\/223"}],"wp:attachment":[{"href":"https:\/\/www.professores.uff.br\/fernandogama\/wp-json\/wp\/v2\/media?parent=106"}],"wp:term":[{"taxonomy":"category","embeddable":true,"href":"https:\/\/www.professores.uff.br\/fernandogama\/wp-json\/wp\/v2\/categories?post=106"},{"taxonomy":"post_tag","embeddable":true,"href":"https:\/\/www.professores.uff.br\/fernandogama\/wp-json\/wp\/v2\/tags?post=106"}],"curies":[{"name":"wp","href":"https:\/\/api.w.org\/{rel}","templated":true}]}}