{"id":20,"date":"2017-07-17T18:37:56","date_gmt":"2017-07-17T21:37:56","guid":{"rendered":"http:\/\/www.professores.uff.br\/fernandogama\/?page_id=20"},"modified":"2017-07-17T18:56:40","modified_gmt":"2017-07-17T21:56:40","slug":"meus-livros","status":"publish","type":"page","link":"https:\/\/www.professores.uff.br\/fernandogama\/meus-livros\/","title":{"rendered":"Meus Livros"},"content":{"rendered":"<p>&nbsp;<\/p>\n\n<table id=\"tablepress-1\" class=\"tablepress tablepress-id-1\">\n<thead>\n<tr class=\"row-1\">\n\t<th class=\"column-1\">Livro<\/th><th class=\"column-2\">Descri\u00e7\u00e3o<\/th>\n<\/tr>\n<\/thead>\n<tbody class=\"row-striping row-hover\">\n<tr class=\"row-2\">\n\t<td class=\"column-1\"><a href=\"http:\/\/www.professores.uff.br\/fernandogama\/wp-content\/uploads\/sites\/15\/2017\/07\/livromediacao.pdf\" target=\"_blank\" rel=\"noopener noreferrer\"><img loading=\"lazy\" decoding=\"async\" class=\"alignleft wp-image-34\" src=\"http:\/\/www.professores.uff.br\/fernandogama\/wp-content\/uploads\/sites\/15\/2017\/07\/capamediacao.jpg\" alt=\"\" width=\"114\" height=\"161\" \/><\/a><\/td><td class=\"column-2\"><strong>Media\u00e7\u00e3o nas Comunidades e nas Institui\u00e7\u00f5es<\/strong><br \/>\n<br \/>\n<strong>ISBN:<\/strong> 978-85-89150-13-2<br \/>\n<strong>Organizador:<\/strong> Fernando Gama de Miranda Netto<br \/>\n<strong>Editora:<\/strong> PPGSD <strong>(DOWNLOAD GR\u00c1TIS)<\/strong><\/td>\n<\/tr>\n<tr class=\"row-3\">\n\t<td class=\"column-1\"><a href=\"http:\/\/editoradauff.com.br\/direito\/15-direito-processual-em-debate-9788522806744.html\" target=\"_blank\" rel=\"noopener noreferrer\"><img loading=\"lazy\" decoding=\"async\" class=\"alignleft wp-image-39 size-thumbnail\" src=\"http:\/\/www.professores.uff.br\/fernandogama\/wp-content\/uploads\/sites\/15\/2017\/07\/dpemdebate-150x150.jpg\" alt=\"\" width=\"150\" height=\"150\" srcset=\"https:\/\/www.professores.uff.br\/fernandogama\/wp-content\/uploads\/sites\/15\/2017\/07\/dpemdebate-150x150.jpg 150w, https:\/\/www.professores.uff.br\/fernandogama\/wp-content\/uploads\/sites\/15\/2017\/07\/dpemdebate.jpg 225w\" sizes=\"auto, (max-width: 150px) 100vw, 150px\" \/><\/a><\/td><td class=\"column-2\"><strong>Direito Processual em Debate<\/strong><br \/>\n<br \/>\n<strong>ISBN:<\/strong> 852280654-3<br \/>\n<strong>Organizadores:<\/strong> Fernando Ga<\/strong>ma de Miranda Netto e Delton Ricardo Soares Meirelles<br \/>\n<strong>Editora:<\/strong> Eduff<\/td>\n<\/tr>\n<tr class=\"row-4\">\n\t<td class=\"column-1\"><a href=\"http:\/\/www.millenniumeditora.com.br\/produtos_descricao.asp?codigo_produto=2378\" target=\"_blank\" rel=\"noopener noreferrer\"><img loading=\"lazy\" decoding=\"async\" class=\"alignleft wp-image-25 size-thumbnail\" src=\"http:\/\/www.professores.uff.br\/fernandogama\/wp-content\/uploads\/sites\/15\/2017\/07\/epistemologia-150x150.jpg\" alt=\"\" width=\"150\" height=\"150\" srcset=\"https:\/\/www.professores.uff.br\/fernandogama\/wp-content\/uploads\/sites\/15\/2017\/07\/epistemologia-150x150.jpg 150w, https:\/\/www.professores.uff.br\/fernandogama\/wp-content\/uploads\/sites\/15\/2017\/07\/epistemologia.jpg 160w\" sizes=\"auto, (max-width: 150px) 100vw, 150px\" \/><\/a><\/td><td class=\"column-2\"><strong>Epistemologia &amp; Metodologia do Direito<\/strong><br \/>\n<br \/>\n<strong>ISBN:<\/strong> 978-85-7625-226-9<br \/>\n<strong>Organizador:<\/strong> Fernando Gama de Miranda Netto<br \/>\n<strong>Editora:<\/strong> Millennium<\/td>\n<\/tr>\n<tr class=\"row-5\">\n\t<td class=\"column-1\"><a href=\"http:\/\/www.lumenjuris.com.br\/?sub=produto&amp;id=572\" target=\"_blank\" rel=\"noopener noreferrer\"><img loading=\"lazy\" decoding=\"async\" class=\"alignleft wp-image-26\" src=\"http:\/\/www.professores.uff.br\/fernandogama\/wp-content\/uploads\/sites\/15\/2017\/07\/jec.jpg\" alt=\"\" width=\"111\" height=\"160\" \/><\/a><\/td><td class=\"column-2\"><strong>Juizados Especiais C\u00edveis: Novos Desafios<\/strong><br \/>\n<br \/>\n<strong>ISBN:<\/strong> 9788537507346<br \/>\n<strong>Organizadores:<\/strong> Fernando Gama de Miranda Netto e Felippe Borring Rocha<br \/>\n<strong>Editora:<\/strong> Lumen Juris<br \/>\n<\/td>\n<\/tr>\n<tr class=\"row-6\">\n\t<td class=\"column-1\"><a href=\"http:\/\/www.lumenjuris.com.br\/?sub=produto&amp;id=758\" target=\"_blank\" rel=\"noopener noreferrer\"><img loading=\"lazy\" decoding=\"async\" class=\"alignleft wp-image-27\" src=\"http:\/\/www.professores.uff.br\/fernandogama\/wp-content\/uploads\/sites\/15\/2017\/07\/onus.jpg\" alt=\"\" width=\"160\" height=\"160\" \/><\/a><\/td><td class=\"column-2\"><strong>\u00d4nus da Prova no Direito Processual P\u00fablico<\/strong><br \/>\n<br \/>\n<strong>ISBN:<\/strong> 9788537504178<br \/>\n<strong>Autor:<\/strong> Fernando Gama de Miranda Netto<br \/>\n<strong>Editora:<\/strong> Lumen Juris<\/td>\n<\/tr>\n<tr class=\"row-7\">\n\t<td class=\"column-1\"><a href=\"http:\/\/www.lumenjuris.com.br\/?sub=produto&amp;id=801\" target=\"_blank\" rel=\"noopener noreferrer\"><img loading=\"lazy\" decoding=\"async\" class=\"alignleft wp-image-28 size-full\" src=\"http:\/\/www.professores.uff.br\/fernandogama\/wp-content\/uploads\/sites\/15\/2017\/07\/tutela.jpg\" alt=\"\" width=\"112\" height=\"174\" \/><\/a><\/td><td class=\"column-2\"><strong>A Pondera\u00e7\u00e3o de Interesses na Tutela de Urg\u00eancia Irrevers\u00edvel<\/strong><br \/>\n<br \/>\n<strong>ISBN:<\/strong> 8573876387<br \/>\n<strong>Autor:<\/strong> Fernando Gama de Miranda Netto<br \/>\n<strong>Editora:<\/strong> Lumen Juris<\/td>\n<\/tr>\n<tr class=\"row-8\">\n\t<td class=\"column-1\"><a href=\"http:\/\/www.lumenjuris.com.br\/?sub=produto&amp;id=364\" target=\"_blank\" rel=\"noopener noreferrer\"><img loading=\"lazy\" decoding=\"async\" class=\"alignleft wp-image-29\" src=\"http:\/\/www.professores.uff.br\/fernandogama\/wp-content\/uploads\/sites\/15\/2017\/07\/dpdf.jpg\" alt=\"\" width=\"112\" height=\"160\" \/><\/a><\/td><td class=\"column-2\"><strong>Direito Processual e Direitos Fundamentais (Colet\u00e2nea)<\/strong><br \/>\n<br \/>\n<strong>ISBN:<\/strong> 8573876689<br \/>\n<strong>Organizadores:<\/strong> Leonardo Greco e Fernando Gama de Miranda Netto<br \/>\n<strong>Editora:<\/strong> Lumen Juris<\/td>\n<\/tr>\n<\/tbody>\n<\/table>\n\n","protected":false},"excerpt":{"rendered":"<p>&nbsp;<\/p>\n","protected":false},"author":1,"featured_media":0,"parent":0,"menu_order":0,"comment_status":"closed","ping_status":"closed","template":"","meta":{"_exactmetrics_skip_tracking":false,"_exactmetrics_sitenote_active":false,"_exactmetrics_sitenote_note":"","_exactmetrics_sitenote_category":0,"footnotes":""},"categories":[3],"tags":[],"class_list":["post-20","page","type-page","status-publish","hentry","category-paginas_menu_principal"],"_links":{"self":[{"href":"https:\/\/www.professores.uff.br\/fernandogama\/wp-json\/wp\/v2\/pages\/20","targetHints":{"allow":["GET"]}}],"collection":[{"href":"https:\/\/www.professores.uff.br\/fernandogama\/wp-json\/wp\/v2\/pages"}],"about":[{"href":"https:\/\/www.professores.uff.br\/fernandogama\/wp-json\/wp\/v2\/types\/page"}],"author":[{"embeddable":true,"href":"https:\/\/www.professores.uff.br\/fernandogama\/wp-json\/wp\/v2\/users\/1"}],"replies":[{"embeddable":true,"href":"https:\/\/www.professores.uff.br\/fernandogama\/wp-json\/wp\/v2\/comments?post=20"}],"version-history":[{"count":10,"href":"https:\/\/www.professores.uff.br\/fernandogama\/wp-json\/wp\/v2\/pages\/20\/revisions"}],"predecessor-version":[{"id":46,"href":"https:\/\/www.professores.uff.br\/fernandogama\/wp-json\/wp\/v2\/pages\/20\/revisions\/46"}],"wp:attachment":[{"href":"https:\/\/www.professores.uff.br\/fernandogama\/wp-json\/wp\/v2\/media?parent=20"}],"wp:term":[{"taxonomy":"category","embeddable":true,"href":"https:\/\/www.professores.uff.br\/fernandogama\/wp-json\/wp\/v2\/categories?post=20"},{"taxonomy":"post_tag","embeddable":true,"href":"https:\/\/www.professores.uff.br\/fernandogama\/wp-json\/wp\/v2\/tags?post=20"}],"curies":[{"name":"wp","href":"https:\/\/api.w.org\/{rel}","templated":true}]}}