{"id":83,"date":"2017-07-19T14:36:39","date_gmt":"2017-07-19T17:36:39","guid":{"rendered":"http:\/\/www.professores.uff.br\/fernandogama\/?page_id=83"},"modified":"2017-08-21T14:53:44","modified_gmt":"2017-08-21T17:53:44","slug":"revistas-eletronicas","status":"publish","type":"page","link":"https:\/\/www.professores.uff.br\/fernandogama\/revistas-eletronicas\/","title":{"rendered":"Revistas Eletr\u00f4nicas"},"content":{"rendered":"<p>&nbsp;<\/p>\n<p style=\"text-align: left;\"><img loading=\"lazy\" decoding=\"async\" class=\"alignleft wp-image-93\" src=\"http:\/\/www.professores.uff.br\/fernandogama\/wp-content\/uploads\/sites\/15\/2017\/07\/icone_revista1-150x150.png\" alt=\"\" width=\"75\" height=\"71\" \/><\/p>\n<p><strong>Revistas Nacionais<\/strong><\/p>\n<p>&nbsp;<\/p>\n<ul>\n<li><a href=\"http:\/\/www.oab.org.br\/editora\/revista.asp\" target=\"_blank\" rel=\"noopener noreferrer\">Atualidades Jur\u00eddicas (OAB &#8211; Conselho Federal)<\/a><\/li>\n<li><a href=\"http:\/\/revistaprocessual.wordpress.com\/\" target=\"_blank\" rel=\"noopener noreferrer\">Revista Eletr\u00f4nica de Direito Processual (REDP)<\/a><\/li>\n<li><a href=\"http:\/\/www.direitodoestado.com.br\/rere.asp\" target=\"_blank\" rel=\"noopener noreferrer\">Revista Eletr\u00f4nica de Reforma do Estado (RERE)<\/a><\/li>\n<li><a href=\"https:\/\/www.aasp.org.br\/educacional\/publicacoes\/revista-do-advogado\/\" target=\"_blank\" rel=\"noopener noreferrer\">Revista do Advogado<\/a><\/li>\n<li><a href=\"http:\/\/www2.cjf.jus.br\/ojs2\/index.php\/cej\" target=\"_blank\" rel=\"noopener noreferrer\">Revista Jur\u00eddica do Centro de Estudos Judici\u00e1rios (CEJ)<\/a><\/li>\n<li><a href=\"http:\/\/www.rio.rj.gov.br\/web\/pgm\/revista-de-direito\" target=\"_blank\" rel=\"noopener noreferrer\">Revista de Direito (Procuradoria do Munic\u00edpio do RJ)<\/a><\/li>\n<li><a href=\"http:\/\/www4.planalto.gov.br\/centrodeestudos\/assuntos\/revista-juridica-da-presidencia\" target=\"_blank\" rel=\"noopener noreferrer\">Revista Jur\u00eddica (Casa Civil)<\/a><\/li>\n<li><a href=\"http:\/\/www.rdm.uff.br\/index.php\/rdm\" target=\"_blank\" rel=\"noopener noreferrer\">Revista de Direito dos Monitores da UFF (RDM-UFF)<\/a><\/li>\n<\/ul>\n<p>&nbsp;<\/p>\n<hr \/>\n<p>&nbsp;<\/p>\n<p><img loading=\"lazy\" decoding=\"async\" class=\"size-full wp-image-90 alignleft\" src=\"http:\/\/www.professores.uff.br\/fernandogama\/wp-content\/uploads\/sites\/15\/2017\/07\/revistas2.jpg\" alt=\"\" width=\"60\" height=\"60\" \/><\/p>\n<p style=\"text-align: left;\"><strong>Revistas Internacionais<\/strong><\/p>\n<p>&nbsp;<\/p>\n<ul>\n<li><a href=\"http:\/\/www.cervantesvirtual.com\/portal\/DOXA\/busquedas_articulos.shtml\" target=\"_blank\" rel=\"noopener noreferrer\">DOXA &#8211; Filosof\u00eda del Derecho<\/a><\/li>\n<li><a href=\"http:\/\/www.dirittoequestionipubbliche.org\/index.htm\" target=\"_blank\" rel=\"noopener noreferrer\">Diritto &amp; Questioni Pubbliche (D &amp; Q)<\/a><\/li>\n<li><a href=\"https:\/\/harvardlawreview.org\/\" target=\"_blank\" rel=\"noopener noreferrer\">Harvard Law Review<\/a><\/li>\n<li>Revista Iberoamericana de Derecho Procesal Constitucional (RIDPC)<\/li>\n<\/ul>\n","protected":false},"excerpt":{"rendered":"<p>&nbsp; Revistas Nacionais &nbsp; Atualidades Jur\u00eddicas (OAB &#8211; Conselho Federal) Revista Eletr\u00f4nica de Direito Processual (REDP) Revista Eletr\u00f4nica de Reforma do Estado (RERE) Revista do Advogado Revista Jur\u00eddica do Centro de Estudos Judici\u00e1rios (CEJ) Revista de Direito (Procuradoria do Munic\u00edpio do RJ) Revista Jur\u00eddica (Casa Civil) Revista de Direito dos Monitores da UFF (RDM-UFF) &nbsp; [&hellip;]<\/p>\n","protected":false},"author":1,"featured_media":0,"parent":0,"menu_order":0,"comment_status":"closed","ping_status":"closed","template":"","meta":{"_exactmetrics_skip_tracking":false,"_exactmetrics_sitenote_active":false,"_exactmetrics_sitenote_note":"","_exactmetrics_sitenote_category":0,"footnotes":""},"categories":[3],"tags":[13,14],"class_list":["post-83","page","type-page","status-publish","hentry","category-paginas_menu_principal","tag-revistas","tag-revistaseletronica"],"_links":{"self":[{"href":"https:\/\/www.professores.uff.br\/fernandogama\/wp-json\/wp\/v2\/pages\/83","targetHints":{"allow":["GET"]}}],"collection":[{"href":"https:\/\/www.professores.uff.br\/fernandogama\/wp-json\/wp\/v2\/pages"}],"about":[{"href":"https:\/\/www.professores.uff.br\/fernandogama\/wp-json\/wp\/v2\/types\/page"}],"author":[{"embeddable":true,"href":"https:\/\/www.professores.uff.br\/fernandogama\/wp-json\/wp\/v2\/users\/1"}],"replies":[{"embeddable":true,"href":"https:\/\/www.professores.uff.br\/fernandogama\/wp-json\/wp\/v2\/comments?post=83"}],"version-history":[{"count":11,"href":"https:\/\/www.professores.uff.br\/fernandogama\/wp-json\/wp\/v2\/pages\/83\/revisions"}],"predecessor-version":[{"id":221,"href":"https:\/\/www.professores.uff.br\/fernandogama\/wp-json\/wp\/v2\/pages\/83\/revisions\/221"}],"wp:attachment":[{"href":"https:\/\/www.professores.uff.br\/fernandogama\/wp-json\/wp\/v2\/media?parent=83"}],"wp:term":[{"taxonomy":"category","embeddable":true,"href":"https:\/\/www.professores.uff.br\/fernandogama\/wp-json\/wp\/v2\/categories?post=83"},{"taxonomy":"post_tag","embeddable":true,"href":"https:\/\/www.professores.uff.br\/fernandogama\/wp-json\/wp\/v2\/tags?post=83"}],"curies":[{"name":"wp","href":"https:\/\/api.w.org\/{rel}","templated":true}]}}