{"id":865,"date":"2024-07-10T15:50:13","date_gmt":"2024-07-10T18:50:13","guid":{"rendered":"http:\/\/www.professores.uff.br\/juliocesarmedeiros\/?page_id=865"},"modified":"2024-07-10T15:51:24","modified_gmt":"2024-07-10T18:51:24","slug":"o-fazer-se-em-thompson-como-contribuicao-a-educacao-do-campo","status":"publish","type":"page","link":"https:\/\/www.professores.uff.br\/juliocesarmedeiros\/o-fazer-se-em-thompson-como-contribuicao-a-educacao-do-campo\/","title":{"rendered":"O fazer-se em Thompson como contribui\u00e7\u00e3o \u00e0 Educa\u00e7\u00e3o do Campo"},"content":{"rendered":"\n<p> omunicamos que a obra: EDUCA\u00c7\u00c3O DO CAMPO E ESCOLA:<br>OS SABERES DOCENTES E SUAS EPISTEMOLOGIAS, onde no qual h\u00e1 uma produ\u00e7\u00e3o de minha autoria<\/p>\n\n\n\n<figure class=\"wp-block-image size-large\"><img loading=\"lazy\" decoding=\"async\" width=\"447\" height=\"638\" src=\"https:\/\/www.professores.uff.br\/juliocesarmedeiros\/wp-content\/uploads\/sites\/191\/2024\/07\/capa-edu-camp.png\" alt=\"\" class=\"wp-image-866\" srcset=\"https:\/\/www.professores.uff.br\/juliocesarmedeiros\/wp-content\/uploads\/sites\/191\/2024\/07\/capa-edu-camp.png 447w, https:\/\/www.professores.uff.br\/juliocesarmedeiros\/wp-content\/uploads\/sites\/191\/2024\/07\/capa-edu-camp-210x300.png 210w\" sizes=\"auto, (max-width: 447px) 100vw, 447px\" \/><\/figure>\n\n\n\n<p> \u00c9 com imensa alegria que compartilho com os amigos o lan\u00e7amento deste e-book, pelo qual tenho muito carinho, pois, al\u00e9m dos brilhantes trabalhos nele publicados por outros colegas, tive a honra de poder participar com um cap\u00edtulo: <\/p>\n\n\n\n<p> <strong>Cap. 3. O \u201cFazer-Se\u201d de E.p. Thompson Como Contribui\u00e7\u00e3o \u00e0 Educa\u00e7\u00e3o do Campo<\/strong> <\/p>\n\n\n\n<p><a href=\"https:\/\/96abf9fb-a2b4-4f23-8e8b-68d6bbf54168.usrfiles.com\/ugd\/96abf9_27287e68589040a5ac5d42fdcd9111a4.pdf\">Baixe aqui gratuitamente<\/a><\/p>\n\n\n\n<p><\/p>\n","protected":false},"excerpt":{"rendered":"<p>omunicamos que a obra: EDUCA\u00c7\u00c3O DO CAMPO E ESCOLA:OS SABERES DOCENTES E SUAS EPISTEMOLOGIAS, onde no qual h\u00e1 uma produ\u00e7\u00e3o de minha autoria \u00c9 com imensa alegria que compartilho com os amigos o lan\u00e7amento deste e-book, pelo qual tenho muito carinho, pois, al\u00e9m dos brilhantes trabalhos nele publicados por outros colegas, tive a honra de [&hellip;]<\/p>\n","protected":false},"author":209,"featured_media":0,"parent":0,"menu_order":0,"comment_status":"closed","ping_status":"closed","template":"","meta":{"_exactmetrics_skip_tracking":false,"_exactmetrics_sitenote_active":false,"_exactmetrics_sitenote_note":"","_exactmetrics_sitenote_category":0,"footnotes":""},"categories":[391,2,137,4],"tags":[],"class_list":["post-865","page","type-page","status-publish","hentry","category-educacao-do-campo","category-historia","category-historia-contemporanea","category-historiografia"],"_links":{"self":[{"href":"https:\/\/www.professores.uff.br\/juliocesarmedeiros\/wp-json\/wp\/v2\/pages\/865","targetHints":{"allow":["GET"]}}],"collection":[{"href":"https:\/\/www.professores.uff.br\/juliocesarmedeiros\/wp-json\/wp\/v2\/pages"}],"about":[{"href":"https:\/\/www.professores.uff.br\/juliocesarmedeiros\/wp-json\/wp\/v2\/types\/page"}],"author":[{"embeddable":true,"href":"https:\/\/www.professores.uff.br\/juliocesarmedeiros\/wp-json\/wp\/v2\/users\/209"}],"replies":[{"embeddable":true,"href":"https:\/\/www.professores.uff.br\/juliocesarmedeiros\/wp-json\/wp\/v2\/comments?post=865"}],"version-history":[{"count":2,"href":"https:\/\/www.professores.uff.br\/juliocesarmedeiros\/wp-json\/wp\/v2\/pages\/865\/revisions"}],"predecessor-version":[{"id":869,"href":"https:\/\/www.professores.uff.br\/juliocesarmedeiros\/wp-json\/wp\/v2\/pages\/865\/revisions\/869"}],"wp:attachment":[{"href":"https:\/\/www.professores.uff.br\/juliocesarmedeiros\/wp-json\/wp\/v2\/media?parent=865"}],"wp:term":[{"taxonomy":"category","embeddable":true,"href":"https:\/\/www.professores.uff.br\/juliocesarmedeiros\/wp-json\/wp\/v2\/categories?post=865"},{"taxonomy":"post_tag","embeddable":true,"href":"https:\/\/www.professores.uff.br\/juliocesarmedeiros\/wp-json\/wp\/v2\/tags?post=865"}],"curies":[{"name":"wp","href":"https:\/\/api.w.org\/{rel}","templated":true}]}}