{"id":848,"date":"2021-01-09T19:09:49","date_gmt":"2021-01-09T22:09:49","guid":{"rendered":"http:\/\/www.professores.uff.br\/marcosateixeira\/?page_id=848"},"modified":"2025-08-30T20:02:23","modified_gmt":"2025-08-30T23:02:23","slug":"cooperacao-uff-cvv","status":"publish","type":"page","link":"https:\/\/www.professores.uff.br\/marcosateixeira\/extensao\/cooperacao-uff-cvv\/","title":{"rendered":"Cultivando a Escuta ativa"},"content":{"rendered":"\n<p>Em fun\u00e7\u00e3o do sucesso da parceria, foi formatada uma nova a\u00e7\u00e3o cujo objetivo do projeto \u00e9 oferecer capacita\u00e7\u00e3o em escuta ativa buscando transformar as rela\u00e7\u00f5es interpessoais ao cultivar a compreens\u00e3o m\u00fatua e o respeito pela individualidade Ao desenvolver habilidades de escuta atenta e emp\u00e1tica os participantes s\u00e3o capacitados a construir conex\u00f5es mais profundas e significativas contribuindo para a constru\u00e7\u00e3o de uma sociedade mais humana e solid\u00e1ria Ao promover a escuta ativa este projeto contribui diretamente para a constru\u00e7\u00e3o da paz alinhando-se com os princ\u00edpios da Agenda 2030 e seus ODS e promovendo um mundo mais justo pac\u00edfico e inclusivo.<\/p>\n\n\n\n<p>Protocolo Siaex: 791.1.2024 &#8211; <a href=\"https:\/\/www.extensao.uff.br\/implemento\/showProjeto.php?id=791.1.2024\">Link<\/a> <\/p>\n\n\n\n<p><strong>Turma 2025-02<\/strong><\/p>\n\n\n\n<p>Em andamento<\/p>\n\n\n\n<p><strong>Turma 2025-01<\/strong><\/p>\n\n\n\n<p>Primeira turma de capacita\u00e7\u00e3o em Escuta Ativa, aberta para alunos 13 alunos do curso de medicina da Universidade Federal Fluminense (UFF).<\/p>\n\n\n\n<p><\/p>\n\n\n\n<p class=\"has-black-color has-text-color has-link-color has-medium-font-size wp-elements-e663475173db867089b2c8530bc69fca\"><strong>Coopera\u00e7\u00e3o UFF CVV &#8211; 2019 &#8211; 2022<\/strong><\/p>\n\n\n\n<p>Com o objetivo de responder ao chamado \u201cadoecimento da comunidade acad\u00eamica\u201d, que se verifica no  aumento de casos de depress\u00e3o, n\u00edveis de ansiedades e \u2013 em casos extremos \u2013 a morte por suic\u00eddio de  discentes, a UFF \u2013 Universidade Federal Fluminense, busca lan\u00e7ar a\u00e7\u00f5es junto \u00e0 sua comunidade  acad\u00eamica que possibilite a esta, formas de buscar uma melhoria da sua Sa\u00fade Mental e qualidade de  vida, tanto para estudantes, quanto para servidores e professores; enfim de todos os membros da sua<br> comunidade acad\u00eamica (assim como de seus associados; como pais e c\u00f4njuges).<\/p>\n\n\n\n<p>Estas a\u00e7\u00f5es tem por objetivo o apoio emocional e a preven\u00e7\u00e3o ao suic\u00eddio,  envolvendo, mas n\u00e3o limitado a: atividades diretas de interven\u00e7\u00e3o junto \u00e0 comunidade acad\u00eamica (e seu entorno), realiza\u00e7\u00e3o eventos  (tais como, mas n\u00e3o limitado a Setembro Amarelo),e capacita\u00e7\u00f5es (cursos peri\u00f3dicos. De forma a  maximizar as a\u00e7\u00f5es, estas poder\u00e3o ser estendida para outras comunidades e\/ou institui\u00e7\u00f5es de ensino do Estado).<\/p>\n\n\n\n<p> <strong>Atividades 2022<\/strong> (Registro SIGPROJ: 376253.2126.220199.26012022) <\/p>\n\n\n\n<p> <strong>V Semin\u00e1rio Setembro Amarelo &#8211; Edi\u00e7\u00e3o 2022<br>29 de Setembro de 2022<\/strong><\/p>\n\n\n<div class=\"wp-block-image\">\n<figure class=\"aligncenter size-large\"><img loading=\"lazy\" decoding=\"async\" width=\"1024\" height=\"416\" src=\"https:\/\/www.professores.uff.br\/marcosateixeira\/wp-content\/uploads\/sites\/193\/2022\/08\/LogoSetAm_2022-1024x416.jpg\" alt=\"\" class=\"wp-image-1337\" srcset=\"https:\/\/www.professores.uff.br\/marcosateixeira\/wp-content\/uploads\/sites\/193\/2022\/08\/LogoSetAm_2022-1024x416.jpg 1024w, https:\/\/www.professores.uff.br\/marcosateixeira\/wp-content\/uploads\/sites\/193\/2022\/08\/LogoSetAm_2022-300x122.jpg 300w, https:\/\/www.professores.uff.br\/marcosateixeira\/wp-content\/uploads\/sites\/193\/2022\/08\/LogoSetAm_2022-768x312.jpg 768w, https:\/\/www.professores.uff.br\/marcosateixeira\/wp-content\/uploads\/sites\/193\/2022\/08\/LogoSetAm_2022-1536x624.jpg 1536w, https:\/\/www.professores.uff.br\/marcosateixeira\/wp-content\/uploads\/sites\/193\/2022\/08\/LogoSetAm_2022-2048x832.jpg 2048w\" sizes=\"auto, (max-width: 1024px) 100vw, 1024px\" \/><\/figure><\/div>\n\n\n<p>O V Semin\u00e1rio Setembro Amarelo, edi\u00e7\u00e3o 2022, realizado no m\u00eas de preven\u00e7\u00e3o do suic\u00eddio, abordar\u00e1 o tema \u201cRetorno e Presen\u00e7as: sa\u00fade mental para a comunidade universit\u00e1ria\u201d. O per\u00edodo pand\u00eamico trouxe muitos desafios para a sa\u00fade mental da comunidade universit\u00e1ria. <\/p>\n\n\n\n<p> O evento ocorrer\u00e1 no dia 29 de setembro de 2022, \u00e0s 13:30h, no campus Gragoat\u00e1, da Universidade Federal Fluminense, no:<br><br> &#8211; <strong>Audit\u00f3rio do Instituto de Ci\u00eancias Humanas e Filosofia<\/strong> (176 lugares)<br>  Rua Professor Marcos Waldemar de Freitas Reis, Bloco O, 2\u00ba andar, Campus do Gragoat\u00e1 \/   S\u00e3o Domingos &#8211; Niter\u00f3i &#8211; RJ &#8211; 24210-201 \/ Brasil <br><\/p>\n\n\n\n<p>A fragiliza\u00e7\u00e3o dos v\u00ednculos sociais que s\u00e3o estabelecidos na\nuniversidade, principalmente aqueles relativos \u00e0s experi\u00eancias do corpo\ndiscente, a amplia\u00e7\u00e3o do tempo em frente \u00e0s telas de aparelhos eletr\u00f4nicos, a\nsobrecarga de atividades, aulas, trabalhos e reuni\u00f5es no ambiente remoto, o\nluto pelas vidas perdidas para a Covid-19 s\u00e3o algumas quest\u00f5es que interferem\nna sa\u00fade mental. <\/p>\n\n\n\n<p>O Semin\u00e1rio Setembro Amarelo pretende, por isso, trabalhar\nesses temas como forma de produzir a reflex\u00e3o e refor\u00e7ar as din\u00e2micas de\nacolhimento no momento em que as universidades retornam \u00e0s atividades\npresenciais e ter\u00e3o que lidar com os passivos causados pela pandemia. <\/p>\n\n\n\n<p>Esta quinta edi\u00e7\u00e3o tem como objetivo abordar quest\u00f5es pertinentes ao retorno \u00e0s atividades presenciais ap\u00f3s o per\u00edodo pand\u00eamico.<br> A proposta \u00e9 abrir espa\u00e7o para debates e exposi\u00e7\u00f5es com palestrantes de diversas \u00e1reas sobre a quest\u00e3o da sa\u00fade coletiva da popula\u00e7\u00e3o. <br> O semin\u00e1rio pretende tamb\u00e9m estabelecer redes, dentro e fora das universidades, que possam trabalhar juntas e construir propostas no campo da sa\u00fade. <\/p>\n\n\n\n<p>Programa\u00e7\u00e3o e Inscri\u00e7\u00f5es <a href=\"https:\/\/www.even3.com.br\/retornoepresencas\">link<\/a> <\/p>\n\n\n\n<p>.<\/p>\n\n\n\n<p><strong>II UFFestival das Emo\u00e7\u00f5es \u2013 evento art\u00edstico e cultural on-line da UFF <br> 25 a 29 de Abril de 2022 <\/strong><\/p>\n\n\n<div class=\"wp-block-image\">\n<figure class=\"aligncenter size-large\"><img loading=\"lazy\" decoding=\"async\" width=\"816\" height=\"431\" src=\"https:\/\/www.professores.uff.br\/marcosateixeira\/wp-content\/uploads\/sites\/193\/2022\/02\/II_UFFestival_Logo_001.jpg\" alt=\"\" class=\"wp-image-1255\" srcset=\"https:\/\/www.professores.uff.br\/marcosateixeira\/wp-content\/uploads\/sites\/193\/2022\/02\/II_UFFestival_Logo_001.jpg 816w, https:\/\/www.professores.uff.br\/marcosateixeira\/wp-content\/uploads\/sites\/193\/2022\/02\/II_UFFestival_Logo_001-300x158.jpg 300w, https:\/\/www.professores.uff.br\/marcosateixeira\/wp-content\/uploads\/sites\/193\/2022\/02\/II_UFFestival_Logo_001-768x406.jpg 768w\" sizes=\"auto, (max-width: 816px) 100vw, 816px\" \/><\/figure><\/div>\n\n\n<p>O II UFFestival das emo\u00e7\u00f5es \u2013 evento art\u00edstico e cultural on-line da Universidade Federal Fluminense, tem como objetivo principal proporcionar a oportunidade de expor trabalhos art\u00edsticos\/culturais de car\u00e1ter imag\u00e9tico, multim\u00eddia e liter\u00e1rio desenvolvidos pelos discentes acima de 18 anos, docentes, t\u00e9cnicos administrativos de todos os n\u00edveis e pelos funcion\u00e1rios terceirizados, possibilitando a troca de experi\u00eancias no campo das emo\u00e7\u00f5es entre a comunidade UFFiana nas seguintes categorias:<\/p>\n\n\n\n<ul class=\"wp-block-list\">\n<li> Imag\u00e9tico: gravuras, escultura, pinturas, fotografias, colagens, hist\u00f3rias em quadrinhos e desenhos;<\/li>\n\n\n\n<li>Multim\u00eddia: v\u00eddeos, m\u00fasicas instrumentais, can\u00e7\u00f5es e afins; e<\/li>\n\n\n\n<li> Liter\u00e1rio: poesias, contos e cr\u00f4nicas.<\/li>\n<\/ul>\n\n\n\n<p>   O evento ocorrer\u00e1 atrav\u00e9s das m\u00eddias sociais durante 3 dias, conforme cronograma: <\/p>\n\n\n\n<ul class=\"wp-block-list\">\n<li>Per\u00edodo de Inscri\u00e7\u00e3o     21\/03 a 08\/04\/2022<\/li>\n\n\n\n<li> Per\u00edodo de Avalia\u00e7\u00e3o     11\/04 a 14\/04\/2022<\/li>\n\n\n\n<li> Divulga\u00e7\u00e3o dos resultados    18\/04\/2022<\/li>\n\n\n\n<li> Per\u00edodo de Recurso    19\/04 e 20\/04\/2022<\/li>\n\n\n\n<li> Divulga\u00e7\u00e3o do Resultado Final    22\/04\/2022<\/li>\n\n\n\n<li> Realiza\u00e7\u00e3o do Evento    25\/04 a 29\/04\/2022<\/li>\n<\/ul>\n\n\n\n<p>O edital est\u00e1 dispon\u00edvel em &#8211;  <a href=\"https:\/\/www.professores.uff.br\/marcosateixeira\/?ddownload=1253\" title=\"Download\" rel=\"nofollow\" class=\"ddownload-button button-blue id-1253 ext-pdf\">Download<\/a> <br>E o link para realizar as inscri\u00e7\u00f5es em  <a rel=\"noreferrer noopener\" aria-label=\"https:\/\/forms.gle\/eVKoj7gdXggozjVV6 (abre numa nova aba)\" href=\"https:\/\/forms.gle\/eVKoj7gdXggozjVV6\" target=\"_blank\">https:\/\/forms.gle\/eVKoj7gdXggozjVV6<\/a>    <\/p>\n\n\n\n<p><\/p>\n\n\n\n<p class=\"has-medium-font-size\"><strong>Curso do Caminho de Valoriza\u00e7\u00e3o da Vida<br>09 de Fevereiro (10 encontros semanais &#8211; 4a feira)<\/strong><\/p>\n\n\n<div class=\"wp-block-image\">\n<figure class=\"aligncenter size-large\"><img loading=\"lazy\" decoding=\"async\" width=\"1024\" height=\"1024\" src=\"https:\/\/www.professores.uff.br\/marcosateixeira\/wp-content\/uploads\/sites\/193\/2022\/01\/Curso_Caminho-1024x1024.jpeg\" alt=\"\" class=\"wp-image-1182\" srcset=\"https:\/\/www.professores.uff.br\/marcosateixeira\/wp-content\/uploads\/sites\/193\/2022\/01\/Curso_Caminho-1024x1024.jpeg 1024w, https:\/\/www.professores.uff.br\/marcosateixeira\/wp-content\/uploads\/sites\/193\/2022\/01\/Curso_Caminho-300x300.jpeg 300w, https:\/\/www.professores.uff.br\/marcosateixeira\/wp-content\/uploads\/sites\/193\/2022\/01\/Curso_Caminho-150x150.jpeg 150w, https:\/\/www.professores.uff.br\/marcosateixeira\/wp-content\/uploads\/sites\/193\/2022\/01\/Curso_Caminho-768x768.jpeg 768w, https:\/\/www.professores.uff.br\/marcosateixeira\/wp-content\/uploads\/sites\/193\/2022\/01\/Curso_Caminho.jpeg 1060w\" sizes=\"auto, (max-width: 1024px) 100vw, 1024px\" \/><\/figure><\/div>\n\n\n<p>O curso &#8220;Caminho de Valoriza\u00e7\u00e3o da Vida&#8221; \u00e9 um curso do CVV Comunidade, um dos Servi\u00e7os do Centro de Valoriza\u00e7\u00e3o da Vida &#8211; CVV. <br> Trata-se de um curso vivencial, que proporciona autoconhecimento, compartilhamento de experi\u00eancias e sensibiliza\u00e7\u00e3o para uma escuta mais emp\u00e1tica. Realizado de forma remota em 10 encontros semanais (4a das 19:30 \u00e0s 21:30).<\/p>\n\n\n\n<p>Inscri\u00e7\u00f5es at\u00e9 o dia 04 de fevereiro de 2022. <br>  Link de acesso: <a rel=\"noreferrer noopener\" href=\"https:\/\/abre.ai\/cursocaminho\" target=\"_blank\">https:\/\/abre.ai\/cursocaminho<\/a>  <br>  Curso gratuito   \/   Vagas Limitadas<\/p>\n\n\n\n<p>O link de acesso para a sala virtual ser\u00e1 disponibilizado no e-mail de confirma\u00e7\u00e3o de inscri\u00e7\u00e3o.  Informa\u00e7\u00f5es adicionais: cvvcomunidade.niteroi@cvv.org.br <\/p>\n\n\n\n<p><\/p>\n\n\n\n<p><strong>Atividades 2021<\/strong> (Registro SIGPROJ: 362718.2033.220199.02012021)<\/p>\n\n\n\n<p class=\"has-text-align-center has-medium-font-size\"><strong>IV Semin\u00e1rio Setembro Amarelo UFF <\/strong><br>&#8220;Entre o Luto e a Luta na Pandemia&#8221;<\/p>\n\n\n<div class=\"wp-block-image size-large is-resized\">\n<figure class=\"aligncenter\"><img loading=\"lazy\" decoding=\"async\" width=\"1024\" height=\"1024\" src=\"http:\/\/www.professores.uff.br\/marcosateixeira\/wp-content\/uploads\/sites\/193\/2021\/06\/Baner_WatsApp_001-1024x1024.jpeg\" alt=\"\" class=\"wp-image-1060\" style=\"width:505px;height:505px\" \/><\/figure><\/div>\n\n\n<p class=\"has-text-align-center has-normal-font-size\">Edi\u00e7\u00e3o 2021 &#8211; 20 a 24\/09\/2021<br><br> P\u00e1gina de inscri\u00e7\u00e3o no evento &#8211; <a rel=\"noreferrer noopener\" aria-label=\"Link (abre numa nova aba)\" href=\"https:\/\/www.even3.com.br\/dolutoaluta\" target=\"_blank\">Link<\/a>   <br><br>Edital para a Submiss\u00e3o de artigos para os Anais &#8211;  <a href=\"https:\/\/www.professores.uff.br\/marcosateixeira\/?ddownload=1056\" title=\"Download\" rel=\"nofollow\" class=\"ddownload-button button-blue id-1056 ext-pdf\">Download<\/a>   <\/p>\n\n\n\n<p class=\"has-text-align-center has-normal-font-size\">Template para as apresenta\u00e7\u00f5es &#8211; <a rel=\"noreferrer noopener\" aria-label=\"PPT (abre numa nova aba)\" href=\"https:\/\/drive.google.com\/file\/d\/1xUGnws8hADIURTTNEVvc6D1tKfonTrh2\/view?usp=sharing\" target=\"_blank\">PPT<\/a> <\/p>\n\n\n\n<p class=\"has-text-align-center has-normal-font-size\">Termo de Autoriza\u00e7\u00e3o para Publica\u00e7\u00e3o &#8211; <a rel=\"noreferrer noopener\" aria-label=\"WORD (abre numa nova aba)\" href=\"https:\/\/drive.google.com\/file\/d\/1Q2Xi20jOXe_KRUinobTameB_2N64yGeU\/view?usp=sharing\" target=\"_blank\">WORD<\/a> <br><br>Anais &#8211;  <a href=\"https:\/\/www.professores.uff.br\/marcosateixeira\/?ddownload=1265\" title=\"Download\" rel=\"nofollow\" class=\"ddownload-button button-blue id-1265 ext-pdf\">Download<\/a>   <\/p>\n\n\n\n<p><\/p>\n\n\n\n<p class=\"has-medium-font-size\"><strong>Curso do Caminho de Valoriza\u00e7\u00e3o da Vida<br>14, 21 e 28 Mar\u00e7o<\/strong><\/p>\n\n\n\n<p>Inscri\u00e7\u00e3o at\u00e9 07\/03\/2021 no link: <a rel=\"noreferrer noopener\" aria-label=\"https:\/\/abre.ai\/cvvcomunidade (abre numa nova aba)\" href=\"https:\/\/abre.ai\/cvvcomunidade\" target=\"_blank\">https:\/\/abre.ai\/cvvcomunidade<\/a> <\/p>\n\n\n\n<p class=\"has-text-align-center\"><img loading=\"lazy\" decoding=\"async\" width=\"1060\" height=\"1060\" class=\"wp-image-1022\" style=\"width: 150px\" src=\"http:\/\/www.professores.uff.br\/marcosateixeira\/wp-content\/uploads\/sites\/193\/2021\/04\/WhatsApp-Image-2021-02-27-at-21.57.35.jpeg\" alt=\"\" srcset=\"https:\/\/www.professores.uff.br\/marcosateixeira\/wp-content\/uploads\/sites\/193\/2021\/04\/WhatsApp-Image-2021-02-27-at-21.57.35.jpeg 1060w, https:\/\/www.professores.uff.br\/marcosateixeira\/wp-content\/uploads\/sites\/193\/2021\/04\/WhatsApp-Image-2021-02-27-at-21.57.35-300x300.jpeg 300w, https:\/\/www.professores.uff.br\/marcosateixeira\/wp-content\/uploads\/sites\/193\/2021\/04\/WhatsApp-Image-2021-02-27-at-21.57.35-1024x1024.jpeg 1024w, https:\/\/www.professores.uff.br\/marcosateixeira\/wp-content\/uploads\/sites\/193\/2021\/04\/WhatsApp-Image-2021-02-27-at-21.57.35-150x150.jpeg 150w, https:\/\/www.professores.uff.br\/marcosateixeira\/wp-content\/uploads\/sites\/193\/2021\/04\/WhatsApp-Image-2021-02-27-at-21.57.35-768x768.jpeg 768w\" sizes=\"auto, (max-width: 1060px) 100vw, 1060px\" \/><\/p>\n\n\n\n<p><\/p>\n\n\n\n<p class=\"has-text-align-center\"><img loading=\"lazy\" decoding=\"async\" width=\"945\" height=\"509\" class=\"wp-image-870\" style=\"width: 300px\" src=\"http:\/\/www.professores.uff.br\/marcosateixeira\/wp-content\/uploads\/sites\/193\/2021\/01\/Ext_I_UFFestival_001.jpeg\" alt=\"\" srcset=\"https:\/\/www.professores.uff.br\/marcosateixeira\/wp-content\/uploads\/sites\/193\/2021\/01\/Ext_I_UFFestival_001.jpeg 945w, https:\/\/www.professores.uff.br\/marcosateixeira\/wp-content\/uploads\/sites\/193\/2021\/01\/Ext_I_UFFestival_001-300x162.jpeg 300w, https:\/\/www.professores.uff.br\/marcosateixeira\/wp-content\/uploads\/sites\/193\/2021\/01\/Ext_I_UFFestival_001-768x414.jpeg 768w\" sizes=\"auto, (max-width: 945px) 100vw, 945px\" \/><\/p>\n\n\n\n<p class=\"has-vivid-cyan-blue-color has-text-color has-medium-font-size\"><strong>I UFFESTIVAL DAS EMO\u00c7\u00d5ES \u2013 EVENTO ART\u00cdSTICO E CULTURAL ON-LINE DA UFF<\/strong><\/p>\n\n\n\n<p><strong>Quando: <\/strong>24 de fevereiro \u00e0 26 de\nfevereiro de 2021<\/p>\n\n\n\n<p><strong>DESCRI\u00c7\u00c3O:<\/strong> A pandemia mudou o nosso cotidiano. Estamos confinados desde mar\u00e7o de 2020. Vimos que a arte tem sido um ref\u00fagio importante para manter as pessoas dentro de suas casas. As pessoas t\u00eam procurado ouvir can\u00e7\u00f5es, assistem s\u00e9ries na TV, l\u00eaem literatura. Al\u00e9m de buscarem a arte como um aliado importante para darem conta dos processos ps\u00edquicos e dif\u00edceis, provocados pela&nbsp; pandemia do Covid-19, as pessoas t\u00eam feito arte. Se voc\u00ea, <strong>UFFIANO<\/strong>, est\u00e1 produzindo poesias, contos, cr\u00f4nicas, elaborando fotografias, desenhando, pintando, cantando, tocando algum instrumento musical. Vem, conosco!  R<em>eceberemos material contendo temas que retratem sobre o per\u00edodo de  quarentena\/isolamento e que foram produzidos durante os anos de 2020 e 2021<\/em>.<\/p>\n\n\n\n<p>O N\u00facleo de Pesquisas sobre Psican\u00e1lise e\nConflitos (PSIC) em parceria com o F\u00f3rum de A\u00e7\u00f5es Coletivas em Sa\u00fade Integral\n(FACES), Servi\u00e7o de Psicologia Aplicada (SPA), Felicidade Interna UFF (FIU),\nprojeto de extens\u00e3o \u201cCoopera\u00e7\u00e3o UFF-CVV Comunidade Niter\u00f3i \u2013 2021\u201d, vem\nconvidar a comunidade UFF para participar do <strong>I UFFESTIVAL DAS EMO\u00c7\u00d5ES \u2013\nEVENTO ART\u00cdSTICO E CULTURAL ON-LINE DA UFF.<\/strong><\/p>\n\n\n\n<p>Abertura das Inscri\u00e7\u00f5es:&nbsp;<strong>25\/01\/2021\n\u00e0 08\/02\/2021<\/strong><\/p>\n\n\n\n<p>Submiss\u00f5es de Trabalho: <a href=\"https:\/\/forms.gle\/eVKoj7gdXggozjVV6\" target=\"_blank\" rel=\"noreferrer noopener\" aria-label=\"https:\/\/forms.gle\/eVKoj7gdXggozjVV6 (abre numa nova aba)\"><em>https:\/\/forms.gle\/eVKoj7gdXggozjVV6<\/em><\/a> <\/p>\n\n\n\n<p> Edital do evento:  <a href=\"https:\/\/www.professores.uff.br\/marcosateixeira\/?ddownload=859\" title=\"Download\" rel=\"nofollow\" class=\"ddownload-button button-blue id-859 ext-pdf\">Download<\/a>  <\/p>\n\n\n\n<p>Data limite para envio das Proposi\u00e7\u00f5es:&nbsp;<strong>08\/02\/2021<\/strong><\/p>\n\n\n\n<p>Divulga\u00e7\u00e3o dos Resultados:&nbsp;<strong>22\/02\/2021<\/strong><\/p>\n\n\n\n<p><strong>CATEGORIAS:<\/strong><\/p>\n\n\n\n<ul class=\"wp-block-list\">\n<li><strong>IMAG\u00c9TICO: GRAVURAS, ESCULTURA, PINTURAS, FOTOGRAFIAS, COLAGENS, HIST\u00d3RIAS EM QUADRINHOS E DESENHOS<\/strong><\/li>\n<\/ul>\n\n\n\n<ul class=\"wp-block-list\">\n<li><strong>MULTIM\u00cdDIA:<br>V\u00cdDEOS, M\u00daSICAS INSTRUMENTAIS, CAN\u00c7\u00d5ES E AFINS<\/strong><\/li>\n<\/ul>\n\n\n\n<ul class=\"wp-block-list\">\n<li><strong>LITER\u00c1RIO:<br>POESIAS, CONTOS E CR\u00d4NICAS<\/strong><\/li>\n<\/ul>\n\n\n\n<p>Acesso \u00e0s produ\u00e7\u00f5es no Instagram do FACES &#8211; UFF &#8211; <a rel=\"noreferrer noopener\" aria-label=\"Instagram (abre numa nova aba)\" href=\"https:\/\/www.instagram.com\/facesuff\/\" target=\"_blank\">Instagram<\/a>  <a rel=\"noreferrer noopener\" aria-label=\"Linktree (abre numa nova aba)\" href=\"https:\/\/linktree.com.br\/new\/facesuff\" target=\"_blank\">Linktree<\/a> <\/p>\n\n\n\n<p>. . .<\/p>\n\n\n\n<p><\/p>\n\n\n\n<p><\/p>\n\n\n\n<p><strong>Atividades 2020<\/strong>  (Registro SIGPROJ: 44971.1927.220199.25122019) <\/p>\n\n\n\n<p class=\"has-medium-font-size\"><strong>Semin\u00e1rio Setembro Amarelo UFF &#8211; &#8220;Sa\u00fade Mental e Universidade: Horizontes P\u00f3s-Pandemia&#8221;<br> Edi\u00e7\u00e3o 2020 &#8211; 21 a 25\/09\/2020<\/strong><\/p>\n\n\n\n<p>P\u00e1gina do evento &#8211;   <a href=\"https:\/\/www.even3.com.br\/saudementaluniversidade\/\">https:\/\/www.even3.com.br\/saudementaluniversidade\/<\/a> <\/p>\n\n\n\n<p>Edital: <a href=\"https:\/\/www.professores.uff.br\/marcosateixeira\/?ddownload=698\" title=\"Download\" rel=\"nofollow\" class=\"ddownload-button button-blue id-698 ext-pdf\">Download<\/a>                       Anais: <a href=\"https:\/\/www.professores.uff.br\/marcosateixeira\/?ddownload=798\" title=\"Download\" rel=\"nofollow\" class=\"ddownload-button button-blue id-798 ext-pdf\">Download<\/a><\/p>\n\n\n\n<p>Curso Caminho de Valoriza\u00e7\u00e3o da Vida (14 e 21 de Mar\u00e7o)<br>Cancelado em virtude da Pandemia<\/p>\n\n\n\n<p>Curso Caminho p\/o Desenvolvimento de Facilitadores (18 e 25 de Abril)<br>Cancelado em virtude da Pandemia<\/p>\n\n\n\n<p> . . .<\/p>\n\n\n\n<p><\/p>\n\n\n\n<p><strong>Atividades 2019<\/strong>  (Registro SIGPROJ: 337491.1779.220199.22092019) <\/p>\n\n\n\n<p class=\"has-medium-font-size\"><strong>II Simp\u00f3sio Setembro Amarelo UFF &#8211; &#8220;Construindo Caminhos&#8221;<br> Edi\u00e7\u00e3o 2019 &#8211; 09 e 10\/09\/2019<\/strong><\/p>\n\n\n\n<p>P\u00e1gia do evento &#8211; <a href=\"https:\/\/www.even3.com.br\/simposioconstruindocaminhos\/\" target=\"_blank\" rel=\"noreferrer noopener\" aria-label=\"https:\/\/www.even3.com.br\/simposioconstruindocaminhos\/ (abre numa nova aba)\">https:\/\/www.even3.com.br\/simposioconstruindocaminhos\/<\/a><\/p>\n\n\n\n<p>Edital: <a rel=\"noreferrer noopener\" aria-label=\"PDF (abre numa nova aba)\" href=\"https:\/\/drive.google.com\/file\/d\/1neRo-VmVedSBxN4fZhdqdQm7pcCzQLsV\/view\" target=\"_blank\">PDF<\/a>                                                   Anais: <a href=\"https:\/\/www.professores.uff.br\/marcosateixeira\/?ddownload=474\" title=\"Download\" rel=\"nofollow\" class=\"ddownload-button button-blue id-474 ext-pdf\">Download<\/a><\/p>\n\n\n\n<p>Curso Caminho de Valoriza\u00e7\u00e3o da Vida (19 e 26 de Maio)<br>Niter\u00f3i \/ UFF campus Gragoat\u00e1<\/p>\n\n\n\n<p>Curso Caminho para o Desenvolvimento de Facilitadores (01 e 02 de Junho) <br>Niter\u00f3i \/ UFF campus Gragoat\u00e1<\/p>\n","protected":false},"excerpt":{"rendered":"<p>Em fun\u00e7\u00e3o do sucesso da parceria, foi formatada uma nova a\u00e7\u00e3o cujo objetivo do projeto \u00e9 oferecer capacita\u00e7\u00e3o em escuta ativa buscando transformar as rela\u00e7\u00f5es interpessoais ao cultivar a compreens\u00e3o m\u00fatua e o respeito pela individualidade Ao desenvolver habilidades de escuta atenta e emp\u00e1tica os participantes s\u00e3o capacitados a construir conex\u00f5es mais profundas e significativas [&hellip;]<\/p>\n","protected":false},"author":211,"featured_media":0,"parent":60,"menu_order":0,"comment_status":"closed","ping_status":"closed","template":"","meta":{"_exactmetrics_skip_tracking":false,"_exactmetrics_sitenote_active":false,"_exactmetrics_sitenote_note":"","_exactmetrics_sitenote_category":0,"footnotes":""},"categories":[],"tags":[16,13,14,12,10],"class_list":["post-848","page","type-page","status-publish","hentry","tag-extensao","tag-marcos-uff","tag-marcosateixeira","tag-marcosteixeira581","tag-uff"],"_links":{"self":[{"href":"https:\/\/www.professores.uff.br\/marcosateixeira\/wp-json\/wp\/v2\/pages\/848","targetHints":{"allow":["GET"]}}],"collection":[{"href":"https:\/\/www.professores.uff.br\/marcosateixeira\/wp-json\/wp\/v2\/pages"}],"about":[{"href":"https:\/\/www.professores.uff.br\/marcosateixeira\/wp-json\/wp\/v2\/types\/page"}],"author":[{"embeddable":true,"href":"https:\/\/www.professores.uff.br\/marcosateixeira\/wp-json\/wp\/v2\/users\/211"}],"replies":[{"embeddable":true,"href":"https:\/\/www.professores.uff.br\/marcosateixeira\/wp-json\/wp\/v2\/comments?post=848"}],"version-history":[{"count":51,"href":"https:\/\/www.professores.uff.br\/marcosateixeira\/wp-json\/wp\/v2\/pages\/848\/revisions"}],"predecessor-version":[{"id":1661,"href":"https:\/\/www.professores.uff.br\/marcosateixeira\/wp-json\/wp\/v2\/pages\/848\/revisions\/1661"}],"up":[{"embeddable":true,"href":"https:\/\/www.professores.uff.br\/marcosateixeira\/wp-json\/wp\/v2\/pages\/60"}],"wp:attachment":[{"href":"https:\/\/www.professores.uff.br\/marcosateixeira\/wp-json\/wp\/v2\/media?parent=848"}],"wp:term":[{"taxonomy":"category","embeddable":true,"href":"https:\/\/www.professores.uff.br\/marcosateixeira\/wp-json\/wp\/v2\/categories?post=848"},{"taxonomy":"post_tag","embeddable":true,"href":"https:\/\/www.professores.uff.br\/marcosateixeira\/wp-json\/wp\/v2\/tags?post=848"}],"curies":[{"name":"wp","href":"https:\/\/api.w.org\/{rel}","templated":true}]}}