{"id":566,"date":"2019-08-12T23:30:08","date_gmt":"2019-08-13T02:30:08","guid":{"rendered":"http:\/\/www.professores.uff.br\/paulab\/?page_id=566"},"modified":"2019-11-27T21:36:45","modified_gmt":"2019-11-28T00:36:45","slug":"2019-ii-calculo-iia","status":"publish","type":"page","link":"https:\/\/www.professores.uff.br\/paulab\/2019-ii-calculo-iia\/","title":{"rendered":"2019-II Calculo IIA"},"content":{"rendered":"\n<p><strong>Professor: Paula Balseiro<\/strong><\/p>\n\n\n\n<p><b>Aulas:<\/b><\/p>\n<ul>\n<li>Turma B1&nbsp;<i>Seg\/Qua 07:00 &#8211; 9:00&nbsp;<\/i>(Sala IMG 201),<\/li>\n<li>Turma D1&nbsp;<i>Seg\/Qua 9:00 &#8211; 11:00&nbsp;<\/i>(Sala IMG 201),<\/li>\n<\/ul>\n<ul>\n<li><strong>Monitorias:<\/strong> &nbsp; &nbsp;[Horarios]<\/li>\n<li><strong>Listas de Exercicios:<\/strong>\n<ul>\n<li>VE1:\n<ul>\n<li><a href=\"http:\/\/www.professores.uff.br\/paulab\/wp-content\/uploads\/sites\/109\/2017\/08\/lista-01-calc-02A-2013.pdf\">Lista 01<\/a>.<\/li>\n<li><a href=\"http:\/\/www.professores.uff.br\/paulab\/wp-content\/uploads\/sites\/109\/2017\/08\/lista-02-calc-02A-2011.pdf\">Lista 02<\/a>.<\/li>\n<li><a href=\"http:\/\/www.professores.uff.br\/paulab\/wp-content\/uploads\/sites\/109\/2017\/08\/lista-03-calc-02A-2011.pdf\">Lista 03<\/a>.<\/li>\n<li><a href=\"http:\/\/www.professores.uff.br\/paulab\/wp-content\/uploads\/sites\/109\/2017\/08\/lista-04-calc-02A-2011.pdf\">Lista 04<\/a>&nbsp;.<\/li>\n<li><a href=\"http:\/\/www.professores.uff.br\/paulab\/wp-content\/uploads\/sites\/109\/2017\/08\/lista-05-calc-02A-2011.pdf\">Lista 05<\/a>&nbsp;.<\/li>\n<li><a href=\"http:\/\/www.professores.uff.br\/paulab\/wp-content\/uploads\/sites\/109\/2017\/08\/lista-06-calc-02A-2011.pdf\">Lista 06<\/a>&nbsp;.<\/li>\n<li><a href=\"http:\/\/www.professores.uff.br\/paulab\/wp-content\/uploads\/sites\/109\/2017\/08\/lista-07-calc-02A-2011.pdf\">Lista 07<\/a>.<\/li>\n<li><a href=\"http:\/\/www.professores.uff.br\/paulab\/wp-content\/uploads\/sites\/109\/2017\/08\/lista-07-calc-02A-2011.pdf\">Lista 07<\/a>.<\/li>\n<li>Exerc\u00edcios resolvidos\n<ul>\n<li><a href=\"http:\/\/www.professores.uff.br\/paulab\/wp-content\/uploads\/sites\/109\/2019\/04\/SubstTrig.pdf\">Substitui\u00e7\u00f5es trigonom\u00e9tricas<\/a><\/li>\n<li><a href=\"http:\/\/www.professores.uff.br\/paulab\/wp-content\/uploads\/sites\/109\/2019\/04\/Solidos.pdf\">S\u00f3lidos de revolu\u00e7\u00e3o<\/a><\/li>\n<li><a href=\"http:\/\/www.professores.uff.br\/paulab\/wp-content\/uploads\/sites\/109\/2019\/04\/IntegraisImproprias.pdf\">Integrais Improprias<\/a><\/li>\n<\/ul>\n<\/li>\n<li>Exerc\u00edcios para apresentar no quadro:<a href=\"http:\/\/www.professores.uff.br\/paulab\/wp-content\/uploads\/sites\/109\/2019\/04\/ExerciciosCalc2AI-1.pdf\"> [Exerc\u00edcios]<\/a> (apresenta\u00e7\u00e3o: Segunda 16\/09 e Quarta 18\/09)<\/li>\n<\/ul>\n<\/li>\n<li>VE2:\n<ul>\n<li><a href=\"http:\/\/www.professores.uff.br\/paulab\/wp-content\/uploads\/sites\/109\/2017\/08\/lista-08-calc-02A-2011.pdf\">Lista 08<\/a>&nbsp;.<\/li>\n<li><a href=\"http:\/\/www.professores.uff.br\/paulab\/wp-content\/uploads\/sites\/109\/2017\/08\/lista-09-calc-02A-2011.pdf\">Lista 09<\/a>&nbsp;.<\/li>\n<li><a href=\"http:\/\/www.professores.uff.br\/paulab\/wp-content\/uploads\/sites\/109\/2017\/08\/lista-10-calc-02A-2011.pdf\">Lista 10<\/a>&nbsp;.<\/li>\n<li><a href=\"http:\/\/www.professores.uff.br\/paulab\/wp-content\/uploads\/sites\/109\/2017\/08\/lista-11-calc-02A-2011.pdf\">Lista 11<\/a>.<\/li>\n<li><a href=\"http:\/\/www.professores.uff.br\/paulab\/wp-content\/uploads\/sites\/109\/2017\/08\/lista-12_calc-02A-2011.pdf\">Lista 12<\/a>.<\/li>\n<li><a href=\"http:\/\/www.professores.uff.br\/paulab\/wp-content\/uploads\/sites\/109\/2017\/08\/lista-13_calc-02A-2011.pdf\">Lista 13<\/a>&nbsp;.<\/li>\n<li><a href=\"http:\/\/www.professores.uff.br\/paulab\/wp-content\/uploads\/sites\/109\/2017\/08\/lista-14_calc-02A-2011.pdf\">Lista 14<\/a>.<\/li>\n<li>Exerc\u00edcios resolvidos\n<ul>\n<li><a href=\"http:\/\/www.professores.uff.br\/paulab\/wp-content\/uploads\/sites\/109\/2019\/10\/ODE-Linear.pdf\">[Equa\u00e7\u00e3o Linear]<\/a>,&nbsp; <a href=\"http:\/\/www.professores.uff.br\/paulab\/wp-content\/uploads\/sites\/109\/2019\/10\/ODE-Ricatti.pdf\">[Equa\u00e7\u00e3o de Ricatti]<\/a><\/li>\n<li> <a href=\"http:\/\/www.professores.uff.br\/paulab\/wp-content\/uploads\/sites\/109\/2019\/10\/ODE-RedutiveisExatas.pdf\">[Equa\u00e7\u00e3o redutivel a exata]<\/a> <\/li>\n<li> <a href=\"http:\/\/www.professores.uff.br\/paulab\/wp-content\/uploads\/sites\/109\/2019\/10\/ODE-aplicacoes.pdf\"> [Exercicios de aplica\u00e7\u00e3o das ODE] <\/a> <\/li>\n<li> <a href=\"http:\/\/www.professores.uff.br\/paulab\/wp-content\/uploads\/sites\/109\/2019\/11\/ExistenciaSolucoes.pdf\"> [Exercicios do Teorema de existencia e unicidade das ODE ordem 1] <\/a> <\/li>\n<li> <a href=\"http:\/\/www.professores.uff.br\/paulab\/wp-content\/uploads\/sites\/109\/2019\/11\/ReducaoDaOrdem.pdf\"> [Redu\u00e7\u00e3o da Ordem (ODE ordem 2)] <\/a> <\/li>\n<li> <a href=\"http:\/\/www.professores.uff.br\/paulab\/wp-content\/uploads\/sites\/109\/2019\/11\/EulerCauchy.pdf\"> [Euler-Cauchy (ODE ordem 2)] <\/a> <\/li>\n<\/ul>\n<li> Exercicios para apresentar no quadro <a href=\"http:\/\/www.professores.uff.br\/paulab\/wp-content\/uploads\/sites\/109\/2019\/11\/praticaII.pdf\"> [Exercicios] <\/a>  Apresenta\u00e7\u00e3o: Quarta 13 e Segunda 18 de Novembro <\/li>\n<\/li>\n<\/ul>\n<\/li>\n<\/ul>\n<\/li>\n<li><strong>Datas das provas: <\/strong>\n<ul>\n<li>1VE: 23\/09\/2019 \n<ul>\n<li>Turma B1: <a href=\"http:\/\/www.professores.uff.br\/paulab\/wp-content\/uploads\/sites\/109\/2019\/10\/GabaritoP1-B1.pdf\">[Gabarito da Prova]<\/a><\/li>\n<li>Turma D1: <a href=\"http:\/\/www.professores.uff.br\/paulab\/wp-content\/uploads\/sites\/109\/2019\/10\/GabaritoP1-D1.pdf\">[Gabarito da Prova]<\/a><\/li>\n<\/ul><\/li>\n<li>2VE: 25\/11\/2019<\/li>\n\n\n<li>VR: 27\/11\/2019 (fechada)\n<ul>\n<li>Turma B1: <a href=\"http:\/\/www.professores.uff.br\/paulab\/wp-content\/uploads\/sites\/109\/2019\/11\/Resultados2A-B1-2019II.pdf\">[Resultados]<\/a> <\/li>\n<li>Turma D1: <a href=\"http:\/\/www.professores.uff.br\/paulab\/wp-content\/uploads\/sites\/109\/2019\/11\/Resultados2A-D1-2019II.pdf\">[Resultados]<\/a> <\/li>\n<\/ul>\n<\/li>\n\n<li>VS: 04\/12\/2019<\/li>\n<\/ul>\n<\/li>\n<li><strong>Ementa e Bibliografia&nbsp;<a href=\"http:\/\/www.professores.uff.br\/paulab\/wp-content\/uploads\/sites\/109\/2017\/08\/ProgramaCALCULOII-A.pdf\">[pdf]<\/a>.<\/strong><\/li>\n<li><strong>Observa\u00e7\u00f5es:<\/strong><\/li>\n<\/ul>\n<p><a href=\"http:\/\/www.professores.uff.br\/paulab\/\">Back to the main page<\/a><\/p>\n\n\n\n<p><\/p>\n","protected":false},"excerpt":{"rendered":"<p>Professor: Paula Balseiro Aulas: Turma B1&nbsp;Seg\/Qua 07:00 &#8211; 9:00&nbsp;(Sala IMG 201), Turma D1&nbsp;Seg\/Qua 9:00 &#8211; 11:00&nbsp;(Sala IMG 201), Monitorias: &nbsp; &nbsp;[Horarios] Listas de Exercicios: VE1: Lista 01. Lista 02. Lista 03. Lista 04&nbsp;. Lista 05&nbsp;. Lista 06&nbsp;. Lista 07. Lista 07. Exerc\u00edcios resolvidos Substitui\u00e7\u00f5es trigonom\u00e9tricas S\u00f3lidos de revolu\u00e7\u00e3o Integrais Improprias Exerc\u00edcios para apresentar no quadro: [&hellip;]<\/p>\n","protected":false},"author":114,"featured_media":0,"parent":0,"menu_order":0,"comment_status":"closed","ping_status":"closed","template":"","meta":{"_exactmetrics_skip_tracking":false,"_exactmetrics_sitenote_active":false,"_exactmetrics_sitenote_note":"","_exactmetrics_sitenote_category":0,"footnotes":""},"categories":[],"tags":[],"class_list":["post-566","page","type-page","status-publish","hentry"],"_links":{"self":[{"href":"https:\/\/www.professores.uff.br\/paulab\/wp-json\/wp\/v2\/pages\/566","targetHints":{"allow":["GET"]}}],"collection":[{"href":"https:\/\/www.professores.uff.br\/paulab\/wp-json\/wp\/v2\/pages"}],"about":[{"href":"https:\/\/www.professores.uff.br\/paulab\/wp-json\/wp\/v2\/types\/page"}],"author":[{"embeddable":true,"href":"https:\/\/www.professores.uff.br\/paulab\/wp-json\/wp\/v2\/users\/114"}],"replies":[{"embeddable":true,"href":"https:\/\/www.professores.uff.br\/paulab\/wp-json\/wp\/v2\/comments?post=566"}],"version-history":[{"count":35,"href":"https:\/\/www.professores.uff.br\/paulab\/wp-json\/wp\/v2\/pages\/566\/revisions"}],"predecessor-version":[{"id":677,"href":"https:\/\/www.professores.uff.br\/paulab\/wp-json\/wp\/v2\/pages\/566\/revisions\/677"}],"wp:attachment":[{"href":"https:\/\/www.professores.uff.br\/paulab\/wp-json\/wp\/v2\/media?parent=566"}],"wp:term":[{"taxonomy":"category","embeddable":true,"href":"https:\/\/www.professores.uff.br\/paulab\/wp-json\/wp\/v2\/categories?post=566"},{"taxonomy":"post_tag","embeddable":true,"href":"https:\/\/www.professores.uff.br\/paulab\/wp-json\/wp\/v2\/tags?post=566"}],"curies":[{"name":"wp","href":"https:\/\/api.w.org\/{rel}","templated":true}]}}